{"id":100,"date":"2025-04-01T16:15:12","date_gmt":"2025-04-01T14:15:12","guid":{"rendered":"https:\/\/ecouen.fr\/festival-connetable\/?page_id=100"},"modified":"2025-05-14T12:39:38","modified_gmt":"2025-05-14T10:39:38","slug":"programmation","status":"publish","type":"page","link":"https:\/\/ecouen.fr\/festival-connetable\/programmation\/","title":{"rendered":"Programmation"},"content":{"rendered":"<p>[et_pb_section fb_built=\u00a0\u00bb1&Prime; _builder_version=\u00a0\u00bb4.27.4&Prime; _module_preset=\u00a0\u00bbdefault\u00a0\u00bb background_color=\u00a0\u00bb#3D1A1A\u00a0\u00bb background_enable_image=\u00a0\u00bboff\u00a0\u00bb custom_padding=\u00a0\u00bb0px||0px||false|false\u00a0\u00bb global_colors_info=\u00a0\u00bb{}\u00a0\u00bb][et_pb_row _builder_version=\u00a0\u00bb4.27.4&Prime; _module_preset=\u00a0\u00bbdefault\u00a0\u00bb custom_padding=\u00a0\u00bb40px|||||\u00a0\u00bb global_colors_info=\u00a0\u00bb{}\u00a0\u00bb][et_pb_column type=\u00a0\u00bb4_4&Prime; _builder_version=\u00a0\u00bb4.27.4&Prime; _module_preset=\u00a0\u00bbdefault\u00a0\u00bb global_colors_info=\u00a0\u00bb{}\u00a0\u00bb][et_pb_text _builder_version=\u00a0\u00bb4.27.4&Prime; _module_preset=\u00a0\u00bbdefault\u00a0\u00bb header_text_align=\u00a0\u00bbcenter\u00a0\u00bb header_text_color=\u00a0\u00bb#ECBE1A\u00a0\u00bb header_font_size=\u00a0\u00bb55px\u00a0\u00bb custom_margin=\u00a0\u00bb||0px||false|false\u00a0\u00bb header_font_size_tablet=\u00a0\u00bb55px\u00a0\u00bb header_font_size_phone=\u00a0\u00bb32px\u00a0\u00bb header_font_size_last_edited=\u00a0\u00bbon|phone\u00a0\u00bb global_colors_info=\u00a0\u00bb{}\u00a0\u00bb]<\/p>\n<h1>PROGRAMMATION<\/h1>\n<p>[\/et_pb_text][et_pb_image src=\u00a0\u00bbhttps:\/\/ecouen.fr\/festival-connetable\/wp-content\/uploads\/2025\/03\/separateur_jaune-1.png\u00a0\u00bb title_text=\u00a0\u00bbseparateur_jaune\u00a0\u00bb align=\u00a0\u00bbcenter\u00a0\u00bb _builder_version=\u00a0\u00bb4.27.4&Prime; _module_preset=\u00a0\u00bbdefault\u00a0\u00bb width=\u00a0\u00bb13%\u00a0\u00bb global_colors_info=\u00a0\u00bb{}\u00a0\u00bb][\/et_pb_image][et_pb_blurb title=\u00a0\u00bbT\u00e9l\u00e9charger le programme\u00a0\u00bb url_new_window=\u00a0\u00bbon\u00a0\u00bb image=\u00a0\u00bbhttps:\/\/ecouen.fr\/festival-connetable\/wp-content\/uploads\/2025\/04\/bouton_telecharger_le_programme.png\u00a0\u00bb icon_placement=\u00a0\u00bbleft\u00a0\u00bb image_icon_width=\u00a0\u00bb130px\u00a0\u00bb disabled_on=\u00a0\u00bbon|on|off\u00a0\u00bb _builder_version=\u00a0\u00bb4.27.4&Prime; _module_preset=\u00a0\u00bbdefault\u00a0\u00bb header_text_color=\u00a0\u00bb#ECBE1A\u00a0\u00bb header_font_size=\u00a0\u00bb22px\u00a0\u00bb body_text_color=\u00a0\u00bb#ECBE1A\u00a0\u00bb body_font_size=\u00a0\u00bb22px\u00a0\u00bb positioning=\u00a0\u00bbabsolute\u00a0\u00bb position_origin_a=\u00a0\u00bbcenter_right\u00a0\u00bb horizontal_offset=\u00a0\u00bb-610px\u00a0\u00bb width=\u00a0\u00bb100%\u00a0\u00bb link_option_url=\u00a0\u00bbhttps:\/\/ecouen.fr\/festival-connetable\/wp-content\/uploads\/2025\/05\/Programme-FDC_25_WEB.pdf\u00a0\u00bb link_option_url_new_window=\u00a0\u00bbon\u00a0\u00bb custom_css_blurb_title=\u00a0\u00bbfont-family: %22eloquent-jf-pro%22, serif;||margin-top: 30px !important;||\u00a0\u00bb global_colors_info=\u00a0\u00bb{}\u00a0\u00bb][\/et_pb_blurb][\/et_pb_column][\/et_pb_row][et_pb_row _builder_version=\u00a0\u00bb4.27.4&Prime; _module_preset=\u00a0\u00bbdefault\u00a0\u00bb global_colors_info=\u00a0\u00bb{}\u00a0\u00bb][et_pb_column type=\u00a0\u00bb4_4&Prime; _builder_version=\u00a0\u00bb4.27.4&Prime; _module_preset=\u00a0\u00bbdefault\u00a0\u00bb global_colors_info=\u00a0\u00bb{}\u00a0\u00bb][et_pb_blurb title=\u00a0\u00bbT\u00e9l\u00e9charger le programme\u00a0\u00bb image=\u00a0\u00bbhttps:\/\/ecouen.fr\/festival-connetable\/wp-content\/uploads\/2025\/04\/bouton_telecharger_le_programme.png\u00a0\u00bb image_icon_width=\u00a0\u00bb45px\u00a0\u00bb disabled_on=\u00a0\u00bboff|on|on\u00a0\u00bb _builder_version=\u00a0\u00bb4.27.4&Prime; _module_preset=\u00a0\u00bbdefault\u00a0\u00bb header_text_color=\u00a0\u00bb#ECBE1A\u00a0\u00bb header_font_size=\u00a0\u00bb16px\u00a0\u00bb body_text_color=\u00a0\u00bb#ECBE1A\u00a0\u00bb body_font_size=\u00a0\u00bb22px\u00a0\u00bb position_origin_a=\u00a0\u00bbcenter_right\u00a0\u00bb horizontal_offset=\u00a0\u00bb-610px\u00a0\u00bb text_orientation=\u00a0\u00bbcenter\u00a0\u00bb width=\u00a0\u00bb80%\u00a0\u00bb module_alignment=\u00a0\u00bbcenter\u00a0\u00bb link_option_url=\u00a0\u00bbhttps:\/\/ecouen.fr\/festival-connetable\/wp-content\/uploads\/2025\/05\/Programme-FDC_25_WEB.pdf\u00a0\u00bb hover_enabled=\u00a0\u00bb0&Prime; custom_css_blurb_title=\u00a0\u00bbfont-family: %22eloquent-jf-pro%22, serif;||margin-top: 30px !important;||\u00a0\u00bb locked=\u00a0\u00bboff\u00a0\u00bb global_colors_info=\u00a0\u00bb{}\u00a0\u00bb custom_css_blurb_title_last_edited=\u00a0\u00bbon|phone\u00a0\u00bb custom_css_blurb_title_phone=\u00a0\u00bbmargin-top: 0px !important;\u00a0\u00bb custom_css_blurb_title_tablet=\u00a0\u00bbfont-family: %22eloquent-jf-pro%22, serif;||margin-top: 30px !important;||\u00a0\u00bb sticky_enabled=\u00a0\u00bb0&Prime;][\/et_pb_blurb][\/et_pb_column][\/et_pb_row][\/et_pb_section][et_pb_section fb_built=\u00a0\u00bb1&Prime; _builder_version=\u00a0\u00bb4.27.4&Prime; _module_preset=\u00a0\u00bbdefault\u00a0\u00bb background_color=\u00a0\u00bb#ECBE1A\u00a0\u00bb custom_padding=\u00a0\u00bb20px||20px||true|false\u00a0\u00bb custom_css_main_element=\u00a0\u00bbclear:both !important;\u00a0\u00bb global_colors_info=\u00a0\u00bb{}\u00a0\u00bb][et_pb_row disabled_on=\u00a0\u00bbon|off|off\u00a0\u00bb _builder_version=\u00a0\u00bb4.27.4&Prime; _module_preset=\u00a0\u00bbdefault\u00a0\u00bb background_enable_color=\u00a0\u00bboff\u00a0\u00bb background_image=\u00a0\u00bbhttps:\/\/ecouen.fr\/festival-connetable\/wp-content\/uploads\/2025\/03\/fond-menu-flottant.png\u00a0\u00bb background_size=\u00a0\u00bbcontain\u00a0\u00bb positioning=\u00a0\u00bbnone\u00a0\u00bb position_origin_f=\u00a0\u00bbcenter_left\u00a0\u00bb horizontal_offset=\u00a0\u00bb-17px\u00a0\u00bb z_index=\u00a0\u00bb10&Prime; width=\u00a0\u00bb12%\u00a0\u00bb module_alignment=\u00a0\u00bbleft\u00a0\u00bb custom_margin=\u00a0\u00bb|0px||0px|false|false\u00a0\u00bb custom_padding=\u00a0\u00bb|0px||0px|false|false\u00a0\u00bb sticky_position=\u00a0\u00bbtop\u00a0\u00bb sticky_offset_top=\u00a0\u00bb200px\u00a0\u00bb motion_trigger_start=\u00a0\u00bbtop\u00a0\u00bb border_radii=\u00a0\u00bboff||20px|20px|\u00a0\u00bb locked=\u00a0\u00bboff\u00a0\u00bb global_colors_info=\u00a0\u00bb{}\u00a0\u00bb][et_pb_column type=\u00a0\u00bb4_4&Prime; _builder_version=\u00a0\u00bb4.27.4&Prime; _module_preset=\u00a0\u00bbdefault\u00a0\u00bb custom_padding=\u00a0\u00bb|0px||0px|false|false\u00a0\u00bb global_colors_info=\u00a0\u00bb{}\u00a0\u00bb][et_pb_blurb title=\u00a0\u00bbACCUEIL\u00a0\u00bb use_icon=\u00a0\u00bbon\u00a0\u00bb font_icon=\u00a0\u00bb&#xe009;||divi||400&Prime; icon_color=\u00a0\u00bb#ECBE1A\u00a0\u00bb image_icon_width=\u00a0\u00bb50px\u00a0\u00bb _builder_version=\u00a0\u00bb4.27.4&Prime; _dynamic_attributes=\u00a0\u00bblink_option_url\u00a0\u00bb _module_preset=\u00a0\u00bbdefault\u00a0\u00bb header_text_align=\u00a0\u00bbcenter\u00a0\u00bb header_text_color=\u00a0\u00bb#ECBE1A\u00a0\u00bb header_font_size=\u00a0\u00bb13px\u00a0\u00bb link_option_url=\u00a0\u00bb@ET-DC@eyJkeW5hbWljIjp0cnVlLCJjb250ZW50IjoicG9zdF9saW5rX3VybF9wYWdlIiwic2V0dGluZ3MiOnsicG9zdF9pZCI6IjIifX0=@\u00a0\u00bb custom_css_blurb_image=\u00a0\u00bbmargin-bottom:0px\u00a0\u00bb global_colors_info=\u00a0\u00bb{}\u00a0\u00bb][\/et_pb_blurb][et_pb_blurb title=\u00a0\u00bbPROGRAMMATION\u00a0\u00bb image=\u00a0\u00bbhttps:\/\/ecouen.fr\/festival-connetable\/wp-content\/uploads\/2025\/03\/bouton-programmation.png\u00a0\u00bb image_icon_width=\u00a0\u00bb20%\u00a0\u00bb _builder_version=\u00a0\u00bb4.27.4&Prime; _dynamic_attributes=\u00a0\u00bblink_option_url\u00a0\u00bb _module_preset=\u00a0\u00bbdefault\u00a0\u00bb header_text_align=\u00a0\u00bbcenter\u00a0\u00bb header_text_color=\u00a0\u00bb#ECBE1A\u00a0\u00bb header_font_size=\u00a0\u00bb13px\u00a0\u00bb link_option_url=\u00a0\u00bb@ET-DC@eyJkeW5hbWljIjp0cnVlLCJjb250ZW50IjoicG9zdF9saW5rX3VybF9wYWdlIiwic2V0dGluZ3MiOnsicG9zdF9pZCI6IjEwMCJ9fQ==@\u00a0\u00bb custom_css_blurb_image=\u00a0\u00bbmargin-bottom:0px\u00a0\u00bb global_colors_info=\u00a0\u00bb{}\u00a0\u00bb][\/et_pb_blurb][et_pb_blurb title=\u00a0\u00bbINFOS PRATIQUES\u00a0\u00bb image=\u00a0\u00bbhttps:\/\/ecouen.fr\/festival-connetable\/wp-content\/uploads\/2025\/03\/information.png\u00a0\u00bb image_icon_width=\u00a0\u00bb20%\u00a0\u00bb _builder_version=\u00a0\u00bb4.27.4&Prime; _dynamic_attributes=\u00a0\u00bblink_option_url\u00a0\u00bb _module_preset=\u00a0\u00bbdefault\u00a0\u00bb header_text_align=\u00a0\u00bbcenter\u00a0\u00bb header_text_color=\u00a0\u00bb#ECBE1A\u00a0\u00bb header_font_size=\u00a0\u00bb13px\u00a0\u00bb link_option_url=\u00a0\u00bb@ET-DC@eyJkeW5hbWljIjp0cnVlLCJjb250ZW50IjoicG9zdF9saW5rX3VybF9wYWdlIiwic2V0dGluZ3MiOnsicG9zdF9pZCI6IjY1In19@\u00a0\u00bb custom_css_blurb_image=\u00a0\u00bbmargin-bottom:0px\u00a0\u00bb global_colors_info=\u00a0\u00bb{}\u00a0\u00bb][\/et_pb_blurb][et_pb_blurb title=\u00a0\u00bbCONTACT\u00a0\u00bb image=\u00a0\u00bbhttps:\/\/ecouen.fr\/festival-connetable\/wp-content\/uploads\/2025\/03\/contact.png\u00a0\u00bb image_icon_width=\u00a0\u00bb20%\u00a0\u00bb _builder_version=\u00a0\u00bb4.27.4&Prime; _dynamic_attributes=\u00a0\u00bblink_option_url\u00a0\u00bb _module_preset=\u00a0\u00bbdefault\u00a0\u00bb header_text_align=\u00a0\u00bbcenter\u00a0\u00bb header_text_color=\u00a0\u00bb#ECBE1A\u00a0\u00bb header_font_size=\u00a0\u00bb13px\u00a0\u00bb link_option_url=\u00a0\u00bb@ET-DC@eyJkeW5hbWljIjp0cnVlLCJjb250ZW50IjoicG9zdF9saW5rX3VybF9wYWdlIiwic2V0dGluZ3MiOnsicG9zdF9pZCI6IjEwMiJ9fQ==@\u00a0\u00bb custom_css_blurb_image=\u00a0\u00bbmargin-bottom:0px\u00a0\u00bb global_colors_info=\u00a0\u00bb{}\u00a0\u00bb][\/et_pb_blurb][et_pb_image src=\u00a0\u00bbhttps:\/\/ecouen.fr\/festival-connetable\/wp-content\/uploads\/2025\/04\/curseur.png\u00a0\u00bb title_text=\u00a0\u00bbcurseur\u00a0\u00bb _builder_version=\u00a0\u00bb4.27.4&Prime; _module_preset=\u00a0\u00bbdefault\u00a0\u00bb positioning=\u00a0\u00bbabsolute\u00a0\u00bb position_origin_a=\u00a0\u00bbbottom_right\u00a0\u00bb vertical_offset=\u00a0\u00bb196px\u00a0\u00bb horizontal_offset=\u00a0\u00bb23px\u00a0\u00bb width=\u00a0\u00bb20px\u00a0\u00bb global_colors_info=\u00a0\u00bb{}\u00a0\u00bb][\/et_pb_image][\/et_pb_column][\/et_pb_row][et_pb_row _builder_version=\u00a0\u00bb4.27.4&Prime; _module_preset=\u00a0\u00bbdefault\u00a0\u00bb custom_margin=\u00a0\u00bb-350px|auto||auto|false|false\u00a0\u00bb custom_margin_tablet=\u00a0\u00bb0px||||false|false\u00a0\u00bb custom_margin_phone=\u00a0\u00bb0px||||false|false\u00a0\u00bb custom_margin_last_edited=\u00a0\u00bbon|tablet\u00a0\u00bb custom_padding=\u00a0\u00bb0px||0px||false|false\u00a0\u00bb global_colors_info=\u00a0\u00bb{}\u00a0\u00bb][et_pb_column type=\u00a0\u00bb4_4&Prime; _builder_version=\u00a0\u00bb4.27.4&Prime; _module_preset=\u00a0\u00bbdefault\u00a0\u00bb global_colors_info=\u00a0\u00bb{}\u00a0\u00bb][et_pb_text module_class=\u00a0\u00bbeloquent\u00a0\u00bb _builder_version=\u00a0\u00bb4.27.4&Prime; _module_preset=\u00a0\u00bbdefault\u00a0\u00bb header_2_text_align=\u00a0\u00bbcenter\u00a0\u00bb header_2_text_color=\u00a0\u00bb#671E21&Prime; header_2_font_size=\u00a0\u00bb50px\u00a0\u00bb custom_margin_tablet=\u00a0\u00bb50px||||false|false\u00a0\u00bb custom_margin_phone=\u00a0\u00bb50px||||false|false\u00a0\u00bb custom_margin_last_edited=\u00a0\u00bbon|tablet\u00a0\u00bb global_colors_info=\u00a0\u00bb{}\u00a0\u00bb]<\/p>\n<h2>Le plan<\/h2>\n<p>[\/et_pb_text][\/et_pb_column][\/et_pb_row][et_pb_row _builder_version=\u00a0\u00bb4.27.4&Prime; _module_preset=\u00a0\u00bbdefault\u00a0\u00bb max_width=\u00a0\u00bb1273px\u00a0\u00bb global_colors_info=\u00a0\u00bb{}\u00a0\u00bb][et_pb_column type=\u00a0\u00bb4_4&Prime; _builder_version=\u00a0\u00bb4.27.4&Prime; _module_preset=\u00a0\u00bbdefault\u00a0\u00bb global_colors_info=\u00a0\u00bb{}\u00a0\u00bb][et_pb_image src=\u00a0\u00bbhttps:\/\/ecouen.fr\/festival-connetable\/wp-content\/uploads\/2025\/04\/croqui-du-plan-2_ok-1.png\u00a0\u00bb title_text=\u00a0\u00bbcroqui du plan 2_ok\u00a0\u00bb _builder_version=\u00a0\u00bb4.27.4&Prime; _module_preset=\u00a0\u00bbdefault\u00a0\u00bb global_colors_info=\u00a0\u00bb{}\u00a0\u00bb][\/et_pb_image][\/et_pb_column][\/et_pb_row][\/et_pb_section][et_pb_section fb_built=\u00a0\u00bb1&Prime; _builder_version=\u00a0\u00bb4.27.4&Prime; _module_preset=\u00a0\u00bbdefault\u00a0\u00bb custom_padding=\u00a0\u00bb0px||0px|||\u00a0\u00bb global_colors_info=\u00a0\u00bb{}\u00a0\u00bb][et_pb_row column_structure=\u00a0\u00bb1_2,1_2&Prime; use_custom_gutter=\u00a0\u00bbon\u00a0\u00bb gutter_width=\u00a0\u00bb1&Prime; make_equal=\u00a0\u00bbon\u00a0\u00bb disabled_on=\u00a0\u00bbon|on|off\u00a0\u00bb _builder_version=\u00a0\u00bb4.27.4&Prime; _module_preset=\u00a0\u00bbdefault\u00a0\u00bb width=\u00a0\u00bb100%\u00a0\u00bb max_width=\u00a0\u00bb100%\u00a0\u00bb custom_padding=\u00a0\u00bb0px||0px||false|false\u00a0\u00bb global_colors_info=\u00a0\u00bb{}\u00a0\u00bb][et_pb_column type=\u00a0\u00bb1_2&Prime; _builder_version=\u00a0\u00bb4.27.4&Prime; _module_preset=\u00a0\u00bbdefault\u00a0\u00bb background_color=\u00a0\u00bb#B92B3F\u00a0\u00bb custom_padding=\u00a0\u00bb50px||50px||true|false\u00a0\u00bb global_colors_info=\u00a0\u00bb{}\u00a0\u00bb][et_pb_text disabled_on=\u00a0\u00bbon|on|off\u00a0\u00bb module_class=\u00a0\u00bbconqueror\u00a0\u00bb _builder_version=\u00a0\u00bb4.27.4&Prime; _module_preset=\u00a0\u00bbdefault\u00a0\u00bb header_2_text_align=\u00a0\u00bbcenter\u00a0\u00bb header_2_text_color=\u00a0\u00bb#ECBE1A\u00a0\u00bb header_2_font_size=\u00a0\u00bb50px\u00a0\u00bb custom_margin=\u00a0\u00bb||0px||false|false\u00a0\u00bb custom_css_main_element=\u00a0\u00bbfont-family: %22aw-conqueror-carved%22, sans-serif !important;||font-weight: 400;||font-style: normal;\u00a0\u00bb global_colors_info=\u00a0\u00bb{}\u00a0\u00bb]<\/p>\n<h2 aw-conqueror-carved=\"\" sans-serif=\"\" font-weight:=\"\" 400=\"\" font-style:=\"\" normal=\"\">SAMEDI<\/h2>\n<p>[\/et_pb_text][\/et_pb_column][et_pb_column type=\u00a0\u00bb1_2&Prime; _builder_version=\u00a0\u00bb4.27.4&Prime; _module_preset=\u00a0\u00bbdefault\u00a0\u00bb background_color=\u00a0\u00bb#671E21&Prime; custom_padding=\u00a0\u00bb50px||50px||true|false\u00a0\u00bb global_colors_info=\u00a0\u00bb{}\u00a0\u00bb][et_pb_text disabled_on=\u00a0\u00bbon|on|off\u00a0\u00bb module_class=\u00a0\u00bbconqueror\u00a0\u00bb _builder_version=\u00a0\u00bb4.27.4&Prime; _module_preset=\u00a0\u00bbdefault\u00a0\u00bb header_2_text_align=\u00a0\u00bbcenter\u00a0\u00bb header_2_text_color=\u00a0\u00bb#ECBE1A\u00a0\u00bb header_2_font_size=\u00a0\u00bb50px\u00a0\u00bb custom_margin=\u00a0\u00bb||0px||false|false\u00a0\u00bb custom_css_main_element=\u00a0\u00bbfont-family: %22aw-conqueror-carved%22, sans-serif !important;||font-weight: 400;||font-style: normal;\u00a0\u00bb global_colors_info=\u00a0\u00bb{}\u00a0\u00bb]<\/p>\n<h2 aw-conqueror-carved=\"\" sans-serif=\"\" font-weight:=\"\" 400=\"\" font-style:=\"\" normal=\"\">Dimanche<\/h2>\n<p>[\/et_pb_text][\/et_pb_column][\/et_pb_row][et_pb_row column_structure=\u00a0\u00bb1_4,1_4,1_4,1_4&Prime; use_custom_gutter=\u00a0\u00bbon\u00a0\u00bb gutter_width=\u00a0\u00bb1&Prime; make_equal=\u00a0\u00bbon\u00a0\u00bb _builder_version=\u00a0\u00bb4.27.4&Prime; _module_preset=\u00a0\u00bbdefault\u00a0\u00bb width=\u00a0\u00bb100%\u00a0\u00bb max_width=\u00a0\u00bb100%\u00a0\u00bb custom_padding=\u00a0\u00bb0px||0px||false|false\u00a0\u00bb global_colors_info=\u00a0\u00bb{}\u00a0\u00bb][et_pb_column type=\u00a0\u00bb1_4&Prime; _builder_version=\u00a0\u00bb4.27.4&Prime; _module_preset=\u00a0\u00bbdefault\u00a0\u00bb background_color=\u00a0\u00bb#B92B3F\u00a0\u00bb custom_padding=\u00a0\u00bb50px||50px||true|false\u00a0\u00bb global_colors_info=\u00a0\u00bb{}\u00a0\u00bb][et_pb_text disabled_on=\u00a0\u00bboff|off|on\u00a0\u00bb module_class=\u00a0\u00bbconqueror\u00a0\u00bb _builder_version=\u00a0\u00bb4.27.4&Prime; _module_preset=\u00a0\u00bbdefault\u00a0\u00bb header_font_size=\u00a0\u00bb22px\u00a0\u00bb header_2_text_align=\u00a0\u00bbcenter\u00a0\u00bb header_2_text_color=\u00a0\u00bb#ECBE1A\u00a0\u00bb header_2_font_size=\u00a0\u00bb35px\u00a0\u00bb custom_margin=\u00a0\u00bb||0px||false|false\u00a0\u00bb custom_css_main_element=\u00a0\u00bbfont-family: %22aw-conqueror-carved%22, sans-serif !important;||font-weight: 400;||font-style: normal;\u00a0\u00bb locked=\u00a0\u00bboff\u00a0\u00bb global_colors_info=\u00a0\u00bb{}\u00a0\u00bb]<\/p>\n<h2 aw-conqueror-carved=\"\" sans-serif=\"\" font-weight:=\"\" 400=\"\" font-style:=\"\" normal=\"\">SAMEDI<\/h2>\n<p>[\/et_pb_text][et_pb_blurb title=\u00a0\u00bb12 h 15&Prime; image=\u00a0\u00bbhttps:\/\/ecouen.fr\/festival-connetable\/wp-content\/uploads\/2025\/04\/point_etape_evenement.png\u00a0\u00bb icon_placement=\u00a0\u00bbleft\u00a0\u00bb content_max_width=\u00a0\u00bb250px\u00a0\u00bb _builder_version=\u00a0\u00bb4.27.4&Prime; _module_preset=\u00a0\u00bbdefault\u00a0\u00bb header_level=\u00a0\u00bbh3&Prime; header_text_color=\u00a0\u00bb#ECBE1A\u00a0\u00bb body_text_color=\u00a0\u00bb#3D1A1A\u00a0\u00bb body_font_size=\u00a0\u00bb20px\u00a0\u00bb custom_padding=\u00a0\u00bb||0px|||\u00a0\u00bb custom_css_blurb_title=\u00a0\u00bbmargin-top:15px;||font-family: %22eloquent-jf-pro%22, serif;\u00a0\u00bb global_colors_info=\u00a0\u00bb{}\u00a0\u00bb]<\/p>\n<p>Mourants d&rsquo;Aire &#8211; Th\u00e9\u00e2tre du laid cru &#8211;\u00a0 D\u00e9ambulation<\/p>\n<p>[\/et_pb_blurb][et_pb_blurb title=\u00a0\u00bb13 h 30&Prime; image=\u00a0\u00bbhttps:\/\/ecouen.fr\/festival-connetable\/wp-content\/uploads\/2025\/04\/point_etape_evenement.png\u00a0\u00bb icon_placement=\u00a0\u00bbleft\u00a0\u00bb content_max_width=\u00a0\u00bb250px\u00a0\u00bb _builder_version=\u00a0\u00bb4.27.4&Prime; _module_preset=\u00a0\u00bbdefault\u00a0\u00bb header_level=\u00a0\u00bbh3&Prime; header_text_color=\u00a0\u00bb#ECBE1A\u00a0\u00bb body_text_color=\u00a0\u00bb#3D1A1A\u00a0\u00bb body_font_size=\u00a0\u00bb20px\u00a0\u00bb custom_css_blurb_title=\u00a0\u00bbmargin-top:15px;||font-family: %22eloquent-jf-pro%22, serif;\u00a0\u00bb global_colors_info=\u00a0\u00bb{}\u00a0\u00bb]<\/p>\n<p>D\u00e9fil\u00e9 du Centre-ville vers le Ch\u00e2teau<\/p>\n<p>[\/et_pb_blurb][et_pb_blurb title=\u00a0\u00bb14 h 10&Prime; image=\u00a0\u00bbhttps:\/\/ecouen.fr\/festival-connetable\/wp-content\/uploads\/2025\/04\/point_etape_evenement.png\u00a0\u00bb icon_placement=\u00a0\u00bbleft\u00a0\u00bb content_max_width=\u00a0\u00bb250px\u00a0\u00bb _builder_version=\u00a0\u00bb4.27.4&Prime; _module_preset=\u00a0\u00bbdefault\u00a0\u00bb header_level=\u00a0\u00bbh3&Prime; header_text_color=\u00a0\u00bb#ECBE1A\u00a0\u00bb body_text_color=\u00a0\u00bb#3D1A1A\u00a0\u00bb body_font_size=\u00a0\u00bb20px\u00a0\u00bb custom_css_blurb_title=\u00a0\u00bbmargin-top:15px;||font-family: %22eloquent-jf-pro%22, serif;\u00a0\u00bb global_colors_info=\u00a0\u00bb{}\u00a0\u00bb]<\/p>\n<p>Concert n\u00e9o-m\u00e9di\u00e9val &#8211; Rh\u00e9sus- Espace sc\u00e9nique<\/p>\n<p>[\/et_pb_blurb][et_pb_blurb title=\u00a0\u00bb14 h\u00a0\u00bb image=\u00a0\u00bbhttps:\/\/ecouen.fr\/festival-connetable\/wp-content\/uploads\/2025\/04\/point_etape_evenement.png\u00a0\u00bb icon_placement=\u00a0\u00bbleft\u00a0\u00bb content_max_width=\u00a0\u00bb250px\u00a0\u00bb _builder_version=\u00a0\u00bb4.27.4&Prime; _module_preset=\u00a0\u00bbdefault\u00a0\u00bb header_level=\u00a0\u00bbh3&Prime; header_text_color=\u00a0\u00bb#ECBE1A\u00a0\u00bb body_text_color=\u00a0\u00bb#3D1A1A\u00a0\u00bb body_font_size=\u00a0\u00bb20px\u00a0\u00bb custom_css_blurb_title=\u00a0\u00bbmargin-top:15px;||font-family: %22eloquent-jf-pro%22, serif;\u00a0\u00bb global_colors_info=\u00a0\u00bb{}\u00a0\u00bb]<\/p>\n<p>Spectacle \u00ab\u00a0Escrime, du Moyen-\u00e2ge \u00e0 D\u2019Artagnan\u00a0\u00bb &#8211; Cie Cyclone &#8211; Domaine\u00a0<\/p>\n<p>[\/et_pb_blurb][et_pb_blurb title=\u00a0\u00bb14 h 15&Prime; image=\u00a0\u00bbhttps:\/\/ecouen.fr\/festival-connetable\/wp-content\/uploads\/2025\/04\/point_etape_evenement.png\u00a0\u00bb icon_placement=\u00a0\u00bbleft\u00a0\u00bb content_max_width=\u00a0\u00bb250px\u00a0\u00bb _builder_version=\u00a0\u00bb4.27.4&Prime; _module_preset=\u00a0\u00bbdefault\u00a0\u00bb header_level=\u00a0\u00bbh3&Prime; header_text_color=\u00a0\u00bb#ECBE1A\u00a0\u00bb body_text_color=\u00a0\u00bb#3D1A1A\u00a0\u00bb body_font_size=\u00a0\u00bb20px\u00a0\u00bb custom_css_blurb_title=\u00a0\u00bbmargin-top:15px;||font-family: %22eloquent-jf-pro%22, serif;\u00a0\u00bb global_colors_info=\u00a0\u00bb{}\u00a0\u00bb]<\/p>\n<p>Jean de la Lune &#8211; Th\u00e9\u00e2tre de la Vall\u00e9e &#8211; Grange\u00a0<\/p>\n<p>[\/et_pb_blurb][et_pb_blurb title=\u00a0\u00bb14 h 40&Prime; image=\u00a0\u00bbhttps:\/\/ecouen.fr\/festival-connetable\/wp-content\/uploads\/2025\/04\/point_etape_evenement.png\u00a0\u00bb icon_placement=\u00a0\u00bbleft\u00a0\u00bb content_max_width=\u00a0\u00bb250px\u00a0\u00bb _builder_version=\u00a0\u00bb4.27.4&Prime; _module_preset=\u00a0\u00bbdefault\u00a0\u00bb header_level=\u00a0\u00bbh3&Prime; header_text_color=\u00a0\u00bb#ECBE1A\u00a0\u00bb body_text_color=\u00a0\u00bb#3D1A1A\u00a0\u00bb body_font_size=\u00a0\u00bb20px\u00a0\u00bb custom_css_blurb_title=\u00a0\u00bbmargin-top:15px;||font-family: %22eloquent-jf-pro%22, serif;\u00a0\u00bb global_colors_info=\u00a0\u00bb{}\u00a0\u00bb]<\/p>\n<p>\u00c9chassiers du Marquis &#8211; Cie Free Vortex &#8211; d\u00e9ambulation<\/p>\n<p>[\/et_pb_blurb][et_pb_blurb title=\u00a0\u00bb15 h\u00a0\u00bb image=\u00a0\u00bbhttps:\/\/ecouen.fr\/festival-connetable\/wp-content\/uploads\/2025\/04\/point_etape_evenement.png\u00a0\u00bb icon_placement=\u00a0\u00bbleft\u00a0\u00bb content_max_width=\u00a0\u00bb250px\u00a0\u00bb _builder_version=\u00a0\u00bb4.27.4&Prime; _module_preset=\u00a0\u00bbdefault\u00a0\u00bb header_level=\u00a0\u00bbh3&Prime; header_text_color=\u00a0\u00bb#ECBE1A\u00a0\u00bb body_text_color=\u00a0\u00bb#3D1A1A\u00a0\u00bb body_font_size=\u00a0\u00bb20px\u00a0\u00bb custom_css_blurb_title=\u00a0\u00bbmargin-top:15px;||font-family: %22eloquent-jf-pro%22, serif;\u00a0\u00bb global_colors_info=\u00a0\u00bb{}\u00a0\u00bb]<\/p>\n<p>Mourants d&rsquo;Air &#8211; Th\u00e9\u00e2tre du laid cru &#8211;\u00a0 D\u00e9ambulation<\/p>\n<p>[\/et_pb_blurb][et_pb_blurb title=\u00a0\u00bb15 h \u00a0\u00bb image=\u00a0\u00bbhttps:\/\/ecouen.fr\/festival-connetable\/wp-content\/uploads\/2025\/04\/point_etape_evenement.png\u00a0\u00bb icon_placement=\u00a0\u00bbleft\u00a0\u00bb content_max_width=\u00a0\u00bb250px\u00a0\u00bb _builder_version=\u00a0\u00bb4.27.4&Prime; _module_preset=\u00a0\u00bbdefault\u00a0\u00bb header_level=\u00a0\u00bbh3&Prime; header_text_color=\u00a0\u00bb#ECBE1A\u00a0\u00bb body_text_color=\u00a0\u00bb#3D1A1A\u00a0\u00bb body_font_size=\u00a0\u00bb20px\u00a0\u00bb custom_css_blurb_title=\u00a0\u00bbmargin-top:15px;||font-family: %22eloquent-jf-pro%22, serif;\u00a0\u00bb global_colors_info=\u00a0\u00bb{}\u00a0\u00bb]<\/p>\n<p>Spectacle \u00ab\u00a0L&rsquo;h\u00e9ritage de Castelmore\u00a0\u00bb &#8211; Cie Les 7 bras &#8211; Campement<\/p>\n<p>[\/et_pb_blurb][et_pb_blurb title=\u00a0\u00bb15 h\u00a0\u00bb image=\u00a0\u00bbhttps:\/\/ecouen.fr\/festival-connetable\/wp-content\/uploads\/2025\/04\/point_etape_evenement.png\u00a0\u00bb icon_placement=\u00a0\u00bbleft\u00a0\u00bb content_max_width=\u00a0\u00bb250px\u00a0\u00bb _builder_version=\u00a0\u00bb4.27.4&Prime; _module_preset=\u00a0\u00bbdefault\u00a0\u00bb header_level=\u00a0\u00bbh3&Prime; header_text_color=\u00a0\u00bb#ECBE1A\u00a0\u00bb body_text_color=\u00a0\u00bb#3D1A1A\u00a0\u00bb body_font_size=\u00a0\u00bb20px\u00a0\u00bb custom_css_blurb_title=\u00a0\u00bbmargin-top:15px;||font-family: %22eloquent-jf-pro%22, serif;\u00a0\u00bb global_colors_info=\u00a0\u00bb{}\u00a0\u00bb]<\/p>\n<p>Sayn\u00e8te \u00ab\u00a0Henri IV assiste \u00e0 un bal\u00a0\u00bb &#8211; Leonardo &amp; cie &#8211; Domaine<\/p>\n<p>[\/et_pb_blurb][et_pb_blurb title=\u00a0\u00bb15 h 30&Prime; image=\u00a0\u00bbhttps:\/\/ecouen.fr\/festival-connetable\/wp-content\/uploads\/2025\/04\/point_etape_evenement.png\u00a0\u00bb icon_placement=\u00a0\u00bbleft\u00a0\u00bb content_max_width=\u00a0\u00bb250px\u00a0\u00bb _builder_version=\u00a0\u00bb4.27.4&Prime; _module_preset=\u00a0\u00bbdefault\u00a0\u00bb header_level=\u00a0\u00bbh3&Prime; header_text_color=\u00a0\u00bb#ECBE1A\u00a0\u00bb body_text_color=\u00a0\u00bb#3D1A1A\u00a0\u00bb body_font_size=\u00a0\u00bb20px\u00a0\u00bb custom_padding=\u00a0\u00bb||0px|||\u00a0\u00bb custom_css_blurb_title=\u00a0\u00bbmargin-top:15px;||font-family: %22eloquent-jf-pro%22, serif;\u00a0\u00bb global_colors_info=\u00a0\u00bb{}\u00a0\u00bb]<\/p>\n<p>Spectacle &#8211; Cie Les Aboyeur &#8211; Espace sc\u00e9nique<\/p>\n<p>[\/et_pb_blurb][et_pb_blurb title=\u00a0\u00bb15 h 30&Prime; image=\u00a0\u00bbhttps:\/\/ecouen.fr\/festival-connetable\/wp-content\/uploads\/2025\/04\/point_etape_evenement.png\u00a0\u00bb icon_placement=\u00a0\u00bbleft\u00a0\u00bb content_max_width=\u00a0\u00bb250px\u00a0\u00bb _builder_version=\u00a0\u00bb4.27.4&Prime; _module_preset=\u00a0\u00bbdefault\u00a0\u00bb header_level=\u00a0\u00bbh3&Prime; header_text_color=\u00a0\u00bb#ECBE1A\u00a0\u00bb body_text_color=\u00a0\u00bb#3D1A1A\u00a0\u00bb body_font_size=\u00a0\u00bb20px\u00a0\u00bb custom_css_blurb_title=\u00a0\u00bbmargin-top:15px;||font-family: %22eloquent-jf-pro%22, serif;\u00a0\u00bb global_colors_info=\u00a0\u00bb{}\u00a0\u00bb]<\/p>\n<p>Spectacle de fauconnerie &#8211; Cie Passion du Roy &#8211; Domaine<\/p>\n<p>[\/et_pb_blurb][et_pb_blurb title=\u00a0\u00bb16 h 15&Prime; image=\u00a0\u00bbhttps:\/\/ecouen.fr\/festival-connetable\/wp-content\/uploads\/2025\/04\/point_etape_evenement.png\u00a0\u00bb icon_placement=\u00a0\u00bbleft\u00a0\u00bb content_max_width=\u00a0\u00bb250px\u00a0\u00bb _builder_version=\u00a0\u00bb4.27.4&Prime; _module_preset=\u00a0\u00bbdefault\u00a0\u00bb header_level=\u00a0\u00bbh3&Prime; header_text_color=\u00a0\u00bb#ECBE1A\u00a0\u00bb body_text_color=\u00a0\u00bb#3D1A1A\u00a0\u00bb body_font_size=\u00a0\u00bb20px\u00a0\u00bb custom_css_blurb_title=\u00a0\u00bbmargin-top:15px;||font-family: %22eloquent-jf-pro%22, serif;\u00a0\u00bb global_colors_info=\u00a0\u00bb{}\u00a0\u00bb]<\/p>\n<p>Spectacle \u00ab\u00a0Chasse &amp; P\u00e9ch\u00e9s\u00a0\u00bb &#8211; Cie La Pie Parlote &#8211; D\u00e9ambulation<\/p>\n<p>[\/et_pb_blurb][et_pb_blurb title=\u00a0\u00bb16 h 30&Prime; image=\u00a0\u00bbhttps:\/\/ecouen.fr\/festival-connetable\/wp-content\/uploads\/2025\/04\/point_etape_evenement.png\u00a0\u00bb icon_placement=\u00a0\u00bbleft\u00a0\u00bb content_max_width=\u00a0\u00bb250px\u00a0\u00bb _builder_version=\u00a0\u00bb4.27.4&Prime; _module_preset=\u00a0\u00bbdefault\u00a0\u00bb header_level=\u00a0\u00bbh3&Prime; header_text_color=\u00a0\u00bb#ECBE1A\u00a0\u00bb body_text_color=\u00a0\u00bb#3D1A1A\u00a0\u00bb body_font_size=\u00a0\u00bb20px\u00a0\u00bb custom_css_blurb_title=\u00a0\u00bbmargin-top:15px;||font-family: %22eloquent-jf-pro%22, serif;\u00a0\u00bb global_colors_info=\u00a0\u00bb{}\u00a0\u00bb]<\/p>\n<p>Concert n\u00e9o-m\u00e9di\u00e9val &#8211; Rh\u00e9sus &#8211; Campement<\/p>\n<p>[\/et_pb_blurb][\/et_pb_column][et_pb_column type=\u00a0\u00bb1_4&Prime; _builder_version=\u00a0\u00bb4.27.4&Prime; _module_preset=\u00a0\u00bbdefault\u00a0\u00bb background_color=\u00a0\u00bb#B92B3F\u00a0\u00bb custom_padding=\u00a0\u00bb50px||50px||true|false\u00a0\u00bb custom_padding_tablet=\u00a0\u00bb50px||50px||true|false\u00a0\u00bb custom_padding_phone=\u00a0\u00bb95px||50px||false|false\u00a0\u00bb custom_padding_last_edited=\u00a0\u00bbon|phone\u00a0\u00bb global_colors_info=\u00a0\u00bb{}\u00a0\u00bb][et_pb_blurb title=\u00a0\u00bb16 h 30&Prime; image=\u00a0\u00bbhttps:\/\/ecouen.fr\/festival-connetable\/wp-content\/uploads\/2025\/04\/point_etape_evenement.png\u00a0\u00bb icon_placement=\u00a0\u00bbleft\u00a0\u00bb content_max_width=\u00a0\u00bb250px\u00a0\u00bb _builder_version=\u00a0\u00bb4.27.4&Prime; _module_preset=\u00a0\u00bbdefault\u00a0\u00bb header_level=\u00a0\u00bbh3&Prime; header_text_color=\u00a0\u00bb#ECBE1A\u00a0\u00bb body_text_color=\u00a0\u00bb#3D1A1A\u00a0\u00bb body_font_size=\u00a0\u00bb20px\u00a0\u00bb custom_css_blurb_title=\u00a0\u00bbmargin-top:15px;||font-family: %22eloquent-jf-pro%22, serif;\u00a0\u00bb global_colors_info=\u00a0\u00bb{}\u00a0\u00bb]<\/p>\n<p>D\u00e9monstration d&rsquo;escrime &#8211; Cie Cyclone &#8211; Domaine<\/p>\n<p>[\/et_pb_blurb][et_pb_blurb title=\u00a0\u00bb17 h \u00a0\u00bb image=\u00a0\u00bbhttps:\/\/ecouen.fr\/festival-connetable\/wp-content\/uploads\/2025\/04\/point_etape_evenement.png\u00a0\u00bb icon_placement=\u00a0\u00bbleft\u00a0\u00bb content_max_width=\u00a0\u00bb250px\u00a0\u00bb _builder_version=\u00a0\u00bb4.27.4&Prime; _module_preset=\u00a0\u00bbdefault\u00a0\u00bb header_level=\u00a0\u00bbh3&Prime; header_text_color=\u00a0\u00bb#ECBE1A\u00a0\u00bb body_text_color=\u00a0\u00bb#3D1A1A\u00a0\u00bb body_font_size=\u00a0\u00bb20px\u00a0\u00bb custom_css_blurb_title=\u00a0\u00bbmargin-top:15px;||font-family: %22eloquent-jf-pro%22, serif;\u00a0\u00bb global_colors_info=\u00a0\u00bb{}\u00a0\u00bb]<\/p>\n<p>\u00c9chassiers du Marquis &#8211; Cie Free Vortex &#8211; D\u00e9ambulation<\/p>\n<p>[\/et_pb_blurb][et_pb_blurb title=\u00a0\u00bb17 h\u00a0\u00bb image=\u00a0\u00bbhttps:\/\/ecouen.fr\/festival-connetable\/wp-content\/uploads\/2025\/04\/point_etape_evenement.png\u00a0\u00bb icon_placement=\u00a0\u00bbleft\u00a0\u00bb content_max_width=\u00a0\u00bb250px\u00a0\u00bb _builder_version=\u00a0\u00bb4.27.4&Prime; _module_preset=\u00a0\u00bbdefault\u00a0\u00bb header_level=\u00a0\u00bbh3&Prime; header_text_color=\u00a0\u00bb#ECBE1A\u00a0\u00bb body_text_color=\u00a0\u00bb#3D1A1A\u00a0\u00bb body_font_size=\u00a0\u00bb20px\u00a0\u00bb custom_css_blurb_title=\u00a0\u00bbmargin-top:15px;||font-family: %22eloquent-jf-pro%22, serif;\u00a0\u00bb global_colors_info=\u00a0\u00bb{}\u00a0\u00bb]<\/p>\n<p>Spectacle de fauconnerie &#8211; Cie Passion du Roy &#8211; Domaine<\/p>\n<p>[\/et_pb_blurb][et_pb_blurb title=\u00a0\u00bb17 h 30 \u00a0\u00bb image=\u00a0\u00bbhttps:\/\/ecouen.fr\/festival-connetable\/wp-content\/uploads\/2025\/04\/point_etape_evenement.png\u00a0\u00bb icon_placement=\u00a0\u00bbleft\u00a0\u00bb content_max_width=\u00a0\u00bb250px\u00a0\u00bb _builder_version=\u00a0\u00bb4.27.4&Prime; _module_preset=\u00a0\u00bbdefault\u00a0\u00bb header_level=\u00a0\u00bbh3&Prime; header_text_color=\u00a0\u00bb#ECBE1A\u00a0\u00bb body_text_color=\u00a0\u00bb#3D1A1A\u00a0\u00bb body_font_size=\u00a0\u00bb20px\u00a0\u00bb custom_css_blurb_title=\u00a0\u00bbmargin-top:15px;||font-family: %22eloquent-jf-pro%22, serif;\u00a0\u00bb global_colors_info=\u00a0\u00bb{}\u00a0\u00bb]<\/p>\n<p>D\u00e9monstration de mousquet &#8211; Cie Cyclone &#8211; Domaine<\/p>\n<p>[\/et_pb_blurb][et_pb_blurb title=\u00a0\u00bb17 h 35&Prime; image=\u00a0\u00bbhttps:\/\/ecouen.fr\/festival-connetable\/wp-content\/uploads\/2025\/04\/point_etape_evenement.png\u00a0\u00bb icon_placement=\u00a0\u00bbleft\u00a0\u00bb content_max_width=\u00a0\u00bb250px\u00a0\u00bb _builder_version=\u00a0\u00bb4.27.4&Prime; _module_preset=\u00a0\u00bbdefault\u00a0\u00bb header_level=\u00a0\u00bbh3&Prime; header_text_color=\u00a0\u00bb#ECBE1A\u00a0\u00bb body_text_color=\u00a0\u00bb#3D1A1A\u00a0\u00bb body_font_size=\u00a0\u00bb20px\u00a0\u00bb custom_css_blurb_title=\u00a0\u00bbmargin-top:15px;||font-family: %22eloquent-jf-pro%22, serif;\u00a0\u00bb global_colors_info=\u00a0\u00bb{}\u00a0\u00bb]<\/p>\n<p>Sayn\u00e8te \u00ab\u00a0Henri 1er de Montmorency dicte ses m\u00e9moires\u00a0\u00bb &#8211; Leonardo &amp; cie &#8211;\u00a0 Domaine<\/p>\n<p>[\/et_pb_blurb][et_pb_blurb title=\u00a0\u00bb17 h 45&Prime; image=\u00a0\u00bbhttps:\/\/ecouen.fr\/festival-connetable\/wp-content\/uploads\/2025\/04\/point_etape_evenement.png\u00a0\u00bb icon_placement=\u00a0\u00bbleft\u00a0\u00bb content_max_width=\u00a0\u00bb250px\u00a0\u00bb _builder_version=\u00a0\u00bb4.27.4&Prime; _module_preset=\u00a0\u00bbdefault\u00a0\u00bb header_level=\u00a0\u00bbh3&Prime; header_text_color=\u00a0\u00bb#ECBE1A\u00a0\u00bb body_text_color=\u00a0\u00bb#3D1A1A\u00a0\u00bb body_font_size=\u00a0\u00bb20px\u00a0\u00bb custom_css_blurb_title=\u00a0\u00bbmargin-top:15px;||font-family: %22eloquent-jf-pro%22, serif;\u00a0\u00bb global_colors_info=\u00a0\u00bb{}\u00a0\u00bb]<\/p>\n<p>Danse traditionnelle &#8211; Escale &#8211; Espace sc\u00e9nique<\/p>\n<p>[\/et_pb_blurb][et_pb_blurb title=\u00a0\u00bb17 h 45&Prime; image=\u00a0\u00bbhttps:\/\/ecouen.fr\/festival-connetable\/wp-content\/uploads\/2025\/04\/point_etape_evenement.png\u00a0\u00bb icon_placement=\u00a0\u00bbleft\u00a0\u00bb content_max_width=\u00a0\u00bb250px\u00a0\u00bb _builder_version=\u00a0\u00bb4.27.4&Prime; _module_preset=\u00a0\u00bbdefault\u00a0\u00bb header_level=\u00a0\u00bbh3&Prime; header_text_color=\u00a0\u00bb#ECBE1A\u00a0\u00bb body_text_color=\u00a0\u00bb#3D1A1A\u00a0\u00bb body_font_size=\u00a0\u00bb20px\u00a0\u00bb custom_css_blurb_title=\u00a0\u00bbmargin-top:15px;||font-family: %22eloquent-jf-pro%22, serif;\u00a0\u00bb global_colors_info=\u00a0\u00bb{}\u00a0\u00bb]<\/p>\n<p>Spectacle &#8211; Cie Les Aboyeur &#8211; Campement<\/p>\n<p>[\/et_pb_blurb][et_pb_blurb title=\u00a0\u00bb18 h \u00a0\u00bb image=\u00a0\u00bbhttps:\/\/ecouen.fr\/festival-connetable\/wp-content\/uploads\/2025\/04\/point_etape_evenement.png\u00a0\u00bb icon_placement=\u00a0\u00bbleft\u00a0\u00bb content_max_width=\u00a0\u00bb250px\u00a0\u00bb _builder_version=\u00a0\u00bb4.27.4&Prime; _module_preset=\u00a0\u00bbdefault\u00a0\u00bb header_level=\u00a0\u00bbh3&Prime; header_text_color=\u00a0\u00bb#ECBE1A\u00a0\u00bb body_text_color=\u00a0\u00bb#3D1A1A\u00a0\u00bb body_font_size=\u00a0\u00bb20px\u00a0\u00bb custom_css_blurb_title=\u00a0\u00bbmargin-top:15px;||font-family: %22eloquent-jf-pro%22, serif;\u00a0\u00bb global_colors_info=\u00a0\u00bb{}\u00a0\u00bb]<\/p>\n<p>Spectacle \u00ab\u00a0La derni\u00e8re passion du Vert Galant\u00a0\u00bb &#8211; Th\u00e9\u00e2tre de la Vall\u00e9e &#8211; Grange<\/p>\n<p>[\/et_pb_blurb][et_pb_blurb title=\u00a0\u00bb18 h \u00a0\u00bb image=\u00a0\u00bbhttps:\/\/ecouen.fr\/festival-connetable\/wp-content\/uploads\/2025\/04\/point_etape_evenement.png\u00a0\u00bb icon_placement=\u00a0\u00bbleft\u00a0\u00bb content_max_width=\u00a0\u00bb250px\u00a0\u00bb _builder_version=\u00a0\u00bb4.27.4&Prime; _module_preset=\u00a0\u00bbdefault\u00a0\u00bb header_level=\u00a0\u00bbh3&Prime; header_text_color=\u00a0\u00bb#ECBE1A\u00a0\u00bb body_text_color=\u00a0\u00bb#3D1A1A\u00a0\u00bb body_font_size=\u00a0\u00bb20px\u00a0\u00bb custom_css_blurb_title=\u00a0\u00bbmargin-top:15px;||font-family: %22eloquent-jf-pro%22, serif;\u00a0\u00bb global_colors_info=\u00a0\u00bb{}\u00a0\u00bb]<\/p>\n<p>Spectacle \u00ab\u00a0Escrime, du Moyen-\u00e2ge \u00e0 D\u2019Artagnan\u00a0\u00bb &#8211; Cie Cyclone &#8211; Domaine<\/p>\n<p>[\/et_pb_blurb][et_pb_blurb title=\u00a0\u00bb18 h 30&Prime; image=\u00a0\u00bbhttps:\/\/ecouen.fr\/festival-connetable\/wp-content\/uploads\/2025\/04\/point_etape_evenement.png\u00a0\u00bb icon_placement=\u00a0\u00bbleft\u00a0\u00bb content_max_width=\u00a0\u00bb250px\u00a0\u00bb _builder_version=\u00a0\u00bb4.27.4&Prime; _module_preset=\u00a0\u00bbdefault\u00a0\u00bb header_level=\u00a0\u00bbh3&Prime; header_text_color=\u00a0\u00bb#ECBE1A\u00a0\u00bb body_text_color=\u00a0\u00bb#3D1A1A\u00a0\u00bb body_font_size=\u00a0\u00bb20px\u00a0\u00bb custom_css_blurb_title=\u00a0\u00bbmargin-top:15px;||font-family: %22eloquent-jf-pro%22, serif;\u00a0\u00bb global_colors_info=\u00a0\u00bb{}\u00a0\u00bb]<\/p>\n<p>Mourants d&rsquo;Aire &#8211; Th\u00e9\u00e2tre du laid cru &#8211; D\u00e9ambulation<\/p>\n<p>[\/et_pb_blurb][et_pb_blurb title=\u00a0\u00bb19 h 15&Prime; image=\u00a0\u00bbhttps:\/\/ecouen.fr\/festival-connetable\/wp-content\/uploads\/2025\/04\/point_etape_evenement.png\u00a0\u00bb icon_placement=\u00a0\u00bbleft\u00a0\u00bb content_max_width=\u00a0\u00bb250px\u00a0\u00bb _builder_version=\u00a0\u00bb4.27.4&Prime; _module_preset=\u00a0\u00bbdefault\u00a0\u00bb header_level=\u00a0\u00bbh3&Prime; header_text_color=\u00a0\u00bb#ECBE1A\u00a0\u00bb body_text_color=\u00a0\u00bb#3D1A1A\u00a0\u00bb body_font_size=\u00a0\u00bb20px\u00a0\u00bb custom_padding=\u00a0\u00bb||0px|||\u00a0\u00bb custom_css_blurb_title=\u00a0\u00bbmargin-top:15px;||font-family: %22eloquent-jf-pro%22, serif;\u00a0\u00bb global_colors_info=\u00a0\u00bb{}\u00a0\u00bb]<\/p>\n<p>\u00c9chassiers du Marquis &#8211; Cie Free Vortex &#8211; D\u00e9ambulation<\/p>\n<p>[\/et_pb_blurb][et_pb_blurb title=\u00a0\u00bb19 h 30 &#038; 20 h\u00a0\u00bb image=\u00a0\u00bbhttps:\/\/ecouen.fr\/festival-connetable\/wp-content\/uploads\/2025\/04\/point_etape_evenement.png\u00a0\u00bb icon_placement=\u00a0\u00bbleft\u00a0\u00bb content_max_width=\u00a0\u00bb250px\u00a0\u00bb _builder_version=\u00a0\u00bb4.27.4&Prime; _module_preset=\u00a0\u00bbdefault\u00a0\u00bb header_level=\u00a0\u00bbh3&Prime; header_text_color=\u00a0\u00bb#ECBE1A\u00a0\u00bb body_text_color=\u00a0\u00bb#3D1A1A\u00a0\u00bb body_font_size=\u00a0\u00bb20px\u00a0\u00bb custom_css_blurb_title=\u00a0\u00bbmargin-top:15px;||font-family: %22eloquent-jf-pro%22, serif;\u00a0\u00bb global_colors_info=\u00a0\u00bb{}\u00a0\u00bb]<\/p>\n<p>D\u00e9monstration d&rsquo;escrime &amp; de mousquet &#8211; Cie Cyclone &#8211; Cour du Ch\u00e2teau<\/p>\n<p>[\/et_pb_blurb][et_pb_blurb title=\u00a0\u00bb20 h 20&Prime; image=\u00a0\u00bbhttps:\/\/ecouen.fr\/festival-connetable\/wp-content\/uploads\/2025\/04\/point_etape_evenement.png\u00a0\u00bb icon_placement=\u00a0\u00bbleft\u00a0\u00bb content_max_width=\u00a0\u00bb250px\u00a0\u00bb _builder_version=\u00a0\u00bb4.27.4&Prime; _module_preset=\u00a0\u00bbdefault\u00a0\u00bb header_level=\u00a0\u00bbh3&Prime; header_text_color=\u00a0\u00bb#ECBE1A\u00a0\u00bb body_text_color=\u00a0\u00bb#3D1A1A\u00a0\u00bb body_font_size=\u00a0\u00bb20px\u00a0\u00bb custom_css_blurb_title=\u00a0\u00bbmargin-top:15px;||font-family: %22eloquent-jf-pro%22, serif;\u00a0\u00bb global_colors_info=\u00a0\u00bb{}\u00a0\u00bb]<\/p>\n<p>Soir\u00e9e Art &amp; Duel<br \/>Les compagnies s&rsquo;affrontent<br \/>Spectacle \u00ab\u00a0L&rsquo;art du Duel\u00a0\u00bb &#8211; Playmo &amp; A qui le tour &#8211; Espace sc\u00e9nique<\/p>\n<p>[\/et_pb_blurb][\/et_pb_column][et_pb_column type=\u00a0\u00bb1_4&Prime; _builder_version=\u00a0\u00bb4.27.4&Prime; _module_preset=\u00a0\u00bbdefault\u00a0\u00bb background_color=\u00a0\u00bb#671E21&Prime; custom_padding=\u00a0\u00bb50px||50px||true|false\u00a0\u00bb global_colors_info=\u00a0\u00bb{}\u00a0\u00bb][et_pb_text disabled_on=\u00a0\u00bboff|off|on\u00a0\u00bb module_class=\u00a0\u00bbconqueror\u00a0\u00bb _builder_version=\u00a0\u00bb4.27.4&Prime; _module_preset=\u00a0\u00bbdefault\u00a0\u00bb header_font_size=\u00a0\u00bb22px\u00a0\u00bb header_2_text_align=\u00a0\u00bbcenter\u00a0\u00bb header_2_text_color=\u00a0\u00bb#ECBE1A\u00a0\u00bb header_2_font_size=\u00a0\u00bb33px\u00a0\u00bb custom_margin=\u00a0\u00bb||0px||false|false\u00a0\u00bb custom_css_main_element=\u00a0\u00bbfont-family: %22aw-conqueror-carved%22, sans-serif !important;||font-weight: 400;||font-style: normal;\u00a0\u00bb locked=\u00a0\u00bboff\u00a0\u00bb global_colors_info=\u00a0\u00bb{}\u00a0\u00bb]<\/p>\n<h2 aw-conqueror-carved=\"\" sans-serif=\"\" font-weight:=\"\" 400=\"\" font-style:=\"\" normal=\"\">Dimanche<\/h2>\n<p>[\/et_pb_text][et_pb_blurb title=\u00a0\u00bb11 h\u00a0\u00bb image=\u00a0\u00bbhttps:\/\/ecouen.fr\/festival-connetable\/wp-content\/uploads\/2025\/04\/point_etape_evenement.png\u00a0\u00bb icon_placement=\u00a0\u00bbleft\u00a0\u00bb content_max_width=\u00a0\u00bb250px\u00a0\u00bb _builder_version=\u00a0\u00bb4.27.4&Prime; _module_preset=\u00a0\u00bbdefault\u00a0\u00bb header_level=\u00a0\u00bbh3&Prime; header_text_color=\u00a0\u00bb#ECBE1A\u00a0\u00bb body_text_color=\u00a0\u00bb#B92B3F\u00a0\u00bb body_font_size=\u00a0\u00bb20px\u00a0\u00bb custom_css_blurb_title=\u00a0\u00bbmargin-top:15px;||font-family: %22eloquent-jf-pro%22, serif;\u00a0\u00bb global_colors_info=\u00a0\u00bb{}\u00a0\u00bb]<\/p>\n<p>Contes de la rue Broca &#8211; Th\u00e9\u00e2tre de la Vall\u00e9e &#8211; Grange<\/p>\n<p>[\/et_pb_blurb][et_pb_blurb title=\u00a0\u00bb11 h 30&Prime; image=\u00a0\u00bbhttps:\/\/ecouen.fr\/festival-connetable\/wp-content\/uploads\/2025\/04\/point_etape_evenement.png\u00a0\u00bb icon_placement=\u00a0\u00bbleft\u00a0\u00bb content_max_width=\u00a0\u00bb250px\u00a0\u00bb _builder_version=\u00a0\u00bb4.27.4&Prime; _module_preset=\u00a0\u00bbdefault\u00a0\u00bb header_level=\u00a0\u00bbh3&Prime; header_text_color=\u00a0\u00bb#ECBE1A\u00a0\u00bb body_text_color=\u00a0\u00bb#B92B3F\u00a0\u00bb body_font_size=\u00a0\u00bb20px\u00a0\u00bb custom_css_blurb_title=\u00a0\u00bbmargin-top:15px;||font-family: %22eloquent-jf-pro%22, serif;\u00a0\u00bb global_colors_info=\u00a0\u00bb{}\u00a0\u00bb]<\/p>\n<p>Spectacle \u00ab\u00a0Chasse &amp; P\u00e9ch\u00e9s\u00a0\u00bb &#8211; Cie La Pie Parlote &#8211; D\u00e9ambulation<\/p>\n<p>[\/et_pb_blurb][et_pb_blurb title=\u00a0\u00bb12 h 30&Prime; image=\u00a0\u00bbhttps:\/\/ecouen.fr\/festival-connetable\/wp-content\/uploads\/2025\/04\/point_etape_evenement.png\u00a0\u00bb icon_placement=\u00a0\u00bbleft\u00a0\u00bb content_max_width=\u00a0\u00bb250px\u00a0\u00bb _builder_version=\u00a0\u00bb4.27.4&Prime; _module_preset=\u00a0\u00bbdefault\u00a0\u00bb header_level=\u00a0\u00bbh3&Prime; header_text_color=\u00a0\u00bb#ECBE1A\u00a0\u00bb body_text_color=\u00a0\u00bb#B92B3F\u00a0\u00bb body_font_size=\u00a0\u00bb20px\u00a0\u00bb custom_css_blurb_title=\u00a0\u00bbmargin-top:15px;||font-family: %22eloquent-jf-pro%22, serif;\u00a0\u00bb global_colors_info=\u00a0\u00bb{}\u00a0\u00bb]<\/p>\n<p>\u00c9chassiers du Marquis &#8211; Cie Free Vortex &#8211; D\u00e9ambulation<\/p>\n<p>[\/et_pb_blurb][et_pb_blurb title=\u00a0\u00bb13 h 3 0&Prime; image=\u00a0\u00bbhttps:\/\/ecouen.fr\/festival-connetable\/wp-content\/uploads\/2025\/04\/point_etape_evenement.png\u00a0\u00bb icon_placement=\u00a0\u00bbleft\u00a0\u00bb content_max_width=\u00a0\u00bb250px\u00a0\u00bb _builder_version=\u00a0\u00bb4.27.4&Prime; _module_preset=\u00a0\u00bbdefault\u00a0\u00bb header_level=\u00a0\u00bbh3&Prime; header_text_color=\u00a0\u00bb#ECBE1A\u00a0\u00bb body_text_color=\u00a0\u00bb#B92B3F\u00a0\u00bb body_font_size=\u00a0\u00bb20px\u00a0\u00bb custom_css_blurb_title=\u00a0\u00bbmargin-top:15px;||font-family: %22eloquent-jf-pro%22, serif;\u00a0\u00bb global_colors_info=\u00a0\u00bb{}\u00a0\u00bb]<\/p>\n<p>Spectacle &#8211; Cie Les Aboyeur &#8211; Espace sc\u00e9nique<\/p>\n<p>[\/et_pb_blurb][et_pb_blurb title=\u00a0\u00bb13 h 45&Prime; image=\u00a0\u00bbhttps:\/\/ecouen.fr\/festival-connetable\/wp-content\/uploads\/2025\/04\/point_etape_evenement.png\u00a0\u00bb icon_placement=\u00a0\u00bbleft\u00a0\u00bb content_max_width=\u00a0\u00bb250px\u00a0\u00bb _builder_version=\u00a0\u00bb4.27.4&Prime; _module_preset=\u00a0\u00bbdefault\u00a0\u00bb header_level=\u00a0\u00bbh3&Prime; header_text_color=\u00a0\u00bb#ECBE1A\u00a0\u00bb body_text_color=\u00a0\u00bb#B92B3F\u00a0\u00bb body_font_size=\u00a0\u00bb20px\u00a0\u00bb custom_css_blurb_title=\u00a0\u00bbmargin-top:15px;||font-family: %22eloquent-jf-pro%22, serif;\u00a0\u00bb global_colors_info=\u00a0\u00bb{}\u00a0\u00bb]<\/p>\n<p>Spectacle de fauconnerie &#8211; Cie Passion du Roy &#8211; Domaine<\/p>\n<p>[\/et_pb_blurb][et_pb_blurb title=\u00a0\u00bb14 h 15&Prime; image=\u00a0\u00bbhttps:\/\/ecouen.fr\/festival-connetable\/wp-content\/uploads\/2025\/04\/point_etape_evenement.png\u00a0\u00bb icon_placement=\u00a0\u00bbleft\u00a0\u00bb content_max_width=\u00a0\u00bb250px\u00a0\u00bb _builder_version=\u00a0\u00bb4.27.4&Prime; _module_preset=\u00a0\u00bbdefault\u00a0\u00bb header_level=\u00a0\u00bbh3&Prime; header_text_color=\u00a0\u00bb#ECBE1A\u00a0\u00bb body_text_color=\u00a0\u00bb#B92B3F\u00a0\u00bb body_font_size=\u00a0\u00bb20px\u00a0\u00bb custom_padding=\u00a0\u00bb||0px|||\u00a0\u00bb custom_css_blurb_title=\u00a0\u00bbmargin-top:15px;||font-family: %22eloquent-jf-pro%22, serif;\u00a0\u00bb global_colors_info=\u00a0\u00bb{}\u00a0\u00bb]<\/p>\n<p>Mourants d&rsquo;Air &#8211; Th\u00e9\u00e2tre du laid cru &#8211;\u00a0 D\u00e9ambulation\u00a0<\/p>\n<p>[\/et_pb_blurb][et_pb_blurb title=\u00a0\u00bb14 h 45&Prime; image=\u00a0\u00bbhttps:\/\/ecouen.fr\/festival-connetable\/wp-content\/uploads\/2025\/04\/point_etape_evenement.png\u00a0\u00bb icon_placement=\u00a0\u00bbleft\u00a0\u00bb content_max_width=\u00a0\u00bb250px\u00a0\u00bb _builder_version=\u00a0\u00bb4.27.4&Prime; _module_preset=\u00a0\u00bbdefault\u00a0\u00bb header_level=\u00a0\u00bbh3&Prime; header_text_color=\u00a0\u00bb#ECBE1A\u00a0\u00bb body_text_color=\u00a0\u00bb#B92B3F\u00a0\u00bb body_font_size=\u00a0\u00bb20px\u00a0\u00bb custom_css_blurb_title=\u00a0\u00bbmargin-top:15px;||font-family: %22eloquent-jf-pro%22, serif;\u00a0\u00bb global_colors_info=\u00a0\u00bb{}\u00a0\u00bb]<\/p>\n<p>Concert n\u00e9o-m\u00e9di\u00e9val &#8211; Rh\u00e9sus &#8211; Espace sc\u00e9nique<\/p>\n<p>[\/et_pb_blurb][et_pb_blurb title=\u00a0\u00bb15 h 15&Prime; image=\u00a0\u00bbhttps:\/\/ecouen.fr\/festival-connetable\/wp-content\/uploads\/2025\/04\/point_etape_evenement.png\u00a0\u00bb icon_placement=\u00a0\u00bbleft\u00a0\u00bb content_max_width=\u00a0\u00bb250px\u00a0\u00bb _builder_version=\u00a0\u00bb4.27.4&Prime; _module_preset=\u00a0\u00bbdefault\u00a0\u00bb header_level=\u00a0\u00bbh3&Prime; header_text_color=\u00a0\u00bb#ECBE1A\u00a0\u00bb body_text_color=\u00a0\u00bb#B92B3F\u00a0\u00bb body_font_size=\u00a0\u00bb20px\u00a0\u00bb custom_css_blurb_title=\u00a0\u00bbmargin-top:15px;||font-family: %22eloquent-jf-pro%22, serif;\u00a0\u00bb global_colors_info=\u00a0\u00bb{}\u00a0\u00bb]<\/p>\n<p>Spectacle \u00ab\u00a0L&rsquo;h\u00e9ritage de Castelmore\u00a0\u00bb &#8211; Cie Les 7 bras &#8211; Campement<\/p>\n<p>[\/et_pb_blurb][et_pb_blurb title=\u00a0\u00bb16 h \u00a0\u00bb image=\u00a0\u00bbhttps:\/\/ecouen.fr\/festival-connetable\/wp-content\/uploads\/2025\/04\/point_etape_evenement.png\u00a0\u00bb icon_placement=\u00a0\u00bbleft\u00a0\u00bb content_max_width=\u00a0\u00bb250px\u00a0\u00bb _builder_version=\u00a0\u00bb4.27.4&Prime; _module_preset=\u00a0\u00bbdefault\u00a0\u00bb header_level=\u00a0\u00bbh3&Prime; header_text_color=\u00a0\u00bb#ECBE1A\u00a0\u00bb body_text_color=\u00a0\u00bb#B92B3F\u00a0\u00bb body_font_size=\u00a0\u00bb20px\u00a0\u00bb custom_css_blurb_title=\u00a0\u00bbmargin-top:15px;||font-family: %22eloquent-jf-pro%22, serif;\u00a0\u00bb global_colors_info=\u00a0\u00bb{}\u00a0\u00bb]<\/p>\n<p>\u00c9chassiers du Marquis &#8211; Cie Free Vortex &#8211; D\u00e9ambulation<\/p>\n<p>[\/et_pb_blurb][et_pb_blurb title=\u00a0\u00bb16 h 15&Prime; image=\u00a0\u00bbhttps:\/\/ecouen.fr\/festival-connetable\/wp-content\/uploads\/2025\/04\/point_etape_evenement.png\u00a0\u00bb icon_placement=\u00a0\u00bbleft\u00a0\u00bb content_max_width=\u00a0\u00bb250px\u00a0\u00bb _builder_version=\u00a0\u00bb4.27.4&Prime; _module_preset=\u00a0\u00bbdefault\u00a0\u00bb header_level=\u00a0\u00bbh3&Prime; header_text_color=\u00a0\u00bb#ECBE1A\u00a0\u00bb body_text_color=\u00a0\u00bb#B92B3F\u00a0\u00bb body_font_size=\u00a0\u00bb20px\u00a0\u00bb custom_css_blurb_title=\u00a0\u00bbmargin-top:15px;||font-family: %22eloquent-jf-pro%22, serif;\u00a0\u00bb locked=\u00a0\u00bboff\u00a0\u00bb global_colors_info=\u00a0\u00bb{}\u00a0\u00bb]<\/p>\n<p>Mourants d&rsquo;Air- Th\u00e9\u00e2tre du laid cru &#8211; D\u00e9ambulations village des\u00a0 familles<\/p>\n<p>[\/et_pb_blurb][et_pb_blurb title=\u00a0\u00bb16 h 45&Prime; image=\u00a0\u00bbhttps:\/\/ecouen.fr\/festival-connetable\/wp-content\/uploads\/2025\/04\/point_etape_evenement.png\u00a0\u00bb icon_placement=\u00a0\u00bbleft\u00a0\u00bb content_max_width=\u00a0\u00bb250px\u00a0\u00bb _builder_version=\u00a0\u00bb4.27.4&Prime; _module_preset=\u00a0\u00bbdefault\u00a0\u00bb header_level=\u00a0\u00bbh3&Prime; header_text_color=\u00a0\u00bb#ECBE1A\u00a0\u00bb body_text_color=\u00a0\u00bb#B92B3F\u00a0\u00bb body_font_size=\u00a0\u00bb20px\u00a0\u00bb custom_css_blurb_title=\u00a0\u00bbmargin-top:15px;||font-family: %22eloquent-jf-pro%22, serif;\u00a0\u00bb global_colors_info=\u00a0\u00bb{}\u00a0\u00bb]<\/p>\n<p>Sayn\u00e8te \u00ab\u00a0Henri 1er de Montmorency dicte ses m\u00e9moires\u00a0\u00bb &#8211; Leonardo &amp; cie &#8211;\u00a0 Domaine<\/p>\n<p>[\/et_pb_blurb][\/et_pb_column][et_pb_column type=\u00a0\u00bb1_4&Prime; _builder_version=\u00a0\u00bb4.27.4&Prime; _module_preset=\u00a0\u00bbdefault\u00a0\u00bb background_color=\u00a0\u00bb#671E21&Prime; custom_padding=\u00a0\u00bb50px||50px||true|false\u00a0\u00bb custom_padding_tablet=\u00a0\u00bb50px||50px||true|false\u00a0\u00bb custom_padding_phone=\u00a0\u00bb95px||50px||false|false\u00a0\u00bb custom_padding_last_edited=\u00a0\u00bbon|phone\u00a0\u00bb global_colors_info=\u00a0\u00bb{}\u00a0\u00bb][et_pb_blurb title=\u00a0\u00bb16 h 45&Prime; image=\u00a0\u00bbhttps:\/\/ecouen.fr\/festival-connetable\/wp-content\/uploads\/2025\/04\/point_etape_evenement.png\u00a0\u00bb icon_placement=\u00a0\u00bbleft\u00a0\u00bb content_max_width=\u00a0\u00bb250px\u00a0\u00bb _builder_version=\u00a0\u00bb4.27.4&Prime; _module_preset=\u00a0\u00bbdefault\u00a0\u00bb header_level=\u00a0\u00bbh3&Prime; header_text_color=\u00a0\u00bb#ECBE1A\u00a0\u00bb body_text_color=\u00a0\u00bb#B92B3F\u00a0\u00bb body_font_size=\u00a0\u00bb20px\u00a0\u00bb custom_css_blurb_title=\u00a0\u00bbmargin-top:15px;||font-family: %22eloquent-jf-pro%22, serif;\u00a0\u00bb global_colors_info=\u00a0\u00bb{}\u00a0\u00bb]<\/p>\n<p>Spectacle &#8211; Cie Les Aboyeur &#8211; Espace sc\u00e9nique<\/p>\n<p>[\/et_pb_blurb][et_pb_blurb title=\u00a0\u00bb17 h \u00a0\u00bb image=\u00a0\u00bbhttps:\/\/ecouen.fr\/festival-connetable\/wp-content\/uploads\/2025\/04\/point_etape_evenement.png\u00a0\u00bb icon_placement=\u00a0\u00bbleft\u00a0\u00bb content_max_width=\u00a0\u00bb250px\u00a0\u00bb _builder_version=\u00a0\u00bb4.27.4&Prime; _module_preset=\u00a0\u00bbdefault\u00a0\u00bb header_level=\u00a0\u00bbh3&Prime; header_text_color=\u00a0\u00bb#ECBE1A\u00a0\u00bb body_text_color=\u00a0\u00bb#B92B3F\u00a0\u00bb body_font_size=\u00a0\u00bb20px\u00a0\u00bb custom_css_blurb_title=\u00a0\u00bbmargin-top:15px;||font-family: %22eloquent-jf-pro%22, serif;\u00a0\u00bb global_colors_info=\u00a0\u00bb{}\u00a0\u00bb]<\/p>\n<p>Spectacle de fauconnerie &#8211; Cie Passion du Roy &#8211; Domaine<\/p>\n<p>[\/et_pb_blurb][et_pb_blurb title=\u00a0\u00bb17 h 30&Prime; image=\u00a0\u00bbhttps:\/\/ecouen.fr\/festival-connetable\/wp-content\/uploads\/2025\/04\/point_etape_evenement.png\u00a0\u00bb icon_placement=\u00a0\u00bbleft\u00a0\u00bb content_max_width=\u00a0\u00bb250px\u00a0\u00bb _builder_version=\u00a0\u00bb4.27.4&Prime; _module_preset=\u00a0\u00bbdefault\u00a0\u00bb header_level=\u00a0\u00bbh3&Prime; header_text_color=\u00a0\u00bb#ECBE1A\u00a0\u00bb body_text_color=\u00a0\u00bb#B92B3F\u00a0\u00bb body_font_size=\u00a0\u00bb20px\u00a0\u00bb custom_css_blurb_title=\u00a0\u00bbmargin-top:15px;||font-family: %22eloquent-jf-pro%22, serif;\u00a0\u00bb global_colors_info=\u00a0\u00bb{}\u00a0\u00bb]<\/p>\n<p>Spectacle \u00ab\u00a0L&rsquo;h\u00e9ritage de Castelmore\u00a0\u00bb &#8211; Cie Les 7 bras &#8211; Campement<\/p>\n<p>[\/et_pb_blurb][et_pb_blurb title=\u00a0\u00bb17 h 45&Prime; image=\u00a0\u00bbhttps:\/\/ecouen.fr\/festival-connetable\/wp-content\/uploads\/2025\/04\/point_etape_evenement.png\u00a0\u00bb icon_placement=\u00a0\u00bbleft\u00a0\u00bb content_max_width=\u00a0\u00bb250px\u00a0\u00bb _builder_version=\u00a0\u00bb4.27.4&Prime; _module_preset=\u00a0\u00bbdefault\u00a0\u00bb header_level=\u00a0\u00bbh3&Prime; header_text_color=\u00a0\u00bb#ECBE1A\u00a0\u00bb body_text_color=\u00a0\u00bb#B92B3F\u00a0\u00bb body_font_size=\u00a0\u00bb20px\u00a0\u00bb custom_css_blurb_title=\u00a0\u00bbmargin-top:15px;||font-family: %22eloquent-jf-pro%22, serif;\u00a0\u00bb global_colors_info=\u00a0\u00bb{}\u00a0\u00bb]<\/p>\n<p>Concert n\u00e9o-m\u00e9di\u00e9val &#8211; Rh\u00e9sus &#8211; Espace sc\u00e9nique<\/p>\n<p>[\/et_pb_blurb][et_pb_blurb title=\u00a0\u00bb18 h \u00a0\u00bb image=\u00a0\u00bbhttps:\/\/ecouen.fr\/festival-connetable\/wp-content\/uploads\/2025\/04\/point_etape_evenement.png\u00a0\u00bb icon_placement=\u00a0\u00bbleft\u00a0\u00bb content_max_width=\u00a0\u00bb250px\u00a0\u00bb _builder_version=\u00a0\u00bb4.27.4&Prime; _module_preset=\u00a0\u00bbdefault\u00a0\u00bb header_level=\u00a0\u00bbh3&Prime; header_text_color=\u00a0\u00bb#ECBE1A\u00a0\u00bb body_text_color=\u00a0\u00bb#B92B3F\u00a0\u00bb body_font_size=\u00a0\u00bb20px\u00a0\u00bb custom_css_blurb_title=\u00a0\u00bbmargin-top:15px;||font-family: %22eloquent-jf-pro%22, serif;\u00a0\u00bb global_colors_info=\u00a0\u00bb{}\u00a0\u00bb]<\/p>\n<p>Spectacle \u00ab\u00a0La derni\u00e8re passion du Vert Galant\u00a0\u00bb &#8211; Th\u00e9\u00e2tre de la Vall\u00e9e &#8211; Grange<\/p>\n<p>[\/et_pb_blurb][et_pb_blurb title=\u00a0\u00bb18 h 15&Prime; image=\u00a0\u00bbhttps:\/\/ecouen.fr\/festival-connetable\/wp-content\/uploads\/2025\/04\/point_etape_evenement.png\u00a0\u00bb icon_placement=\u00a0\u00bbleft\u00a0\u00bb content_max_width=\u00a0\u00bb250px\u00a0\u00bb _builder_version=\u00a0\u00bb4.27.4&Prime; _module_preset=\u00a0\u00bbdefault\u00a0\u00bb header_level=\u00a0\u00bbh3&Prime; header_text_color=\u00a0\u00bb#ECBE1A\u00a0\u00bb body_text_color=\u00a0\u00bb#B92B3F\u00a0\u00bb body_font_size=\u00a0\u00bb20px\u00a0\u00bb custom_css_blurb_title=\u00a0\u00bbmargin-top:15px;||font-family: %22eloquent-jf-pro%22, serif;\u00a0\u00bb global_colors_info=\u00a0\u00bb{}\u00a0\u00bb]<\/p>\n<p>Sayn\u00e8te \u00ab\u00a0Henri IV assiste \u00e0 un bal\u00a0\u00bb &#8211; Leonardo &amp; cie &#8211; Domaine<\/p>\n<p>[\/et_pb_blurb][et_pb_blurb title=\u00a0\u00bb18 h 15&Prime; image=\u00a0\u00bbhttps:\/\/ecouen.fr\/festival-connetable\/wp-content\/uploads\/2025\/04\/point_etape_evenement.png\u00a0\u00bb icon_placement=\u00a0\u00bbleft\u00a0\u00bb content_max_width=\u00a0\u00bb250px\u00a0\u00bb _builder_version=\u00a0\u00bb4.27.4&Prime; _module_preset=\u00a0\u00bbdefault\u00a0\u00bb header_level=\u00a0\u00bbh3&Prime; header_text_color=\u00a0\u00bb#ECBE1A\u00a0\u00bb body_text_color=\u00a0\u00bb#B92B3F\u00a0\u00bb body_font_size=\u00a0\u00bb20px\u00a0\u00bb custom_css_blurb_title=\u00a0\u00bbmargin-top:15px;||font-family: %22eloquent-jf-pro%22, serif;\u00a0\u00bb global_colors_info=\u00a0\u00bb{}\u00a0\u00bb]<\/p>\n<p>\u00c9chassiers du Marquis &#8211; Cie Free Vortex &#8211; D\u00e9ambulation<\/p>\n<p>[\/et_pb_blurb][et_pb_blurb title=\u00a0\u00bb19 h \u00a0\u00bb image=\u00a0\u00bbhttps:\/\/ecouen.fr\/festival-connetable\/wp-content\/uploads\/2025\/04\/point_etape_evenement.png\u00a0\u00bb icon_placement=\u00a0\u00bbleft\u00a0\u00bb content_max_width=\u00a0\u00bb250px\u00a0\u00bb _builder_version=\u00a0\u00bb4.27.4&Prime; _module_preset=\u00a0\u00bbdefault\u00a0\u00bb header_level=\u00a0\u00bbh3&Prime; header_text_color=\u00a0\u00bb#ECBE1A\u00a0\u00bb body_text_color=\u00a0\u00bb#B92B3F\u00a0\u00bb body_font_size=\u00a0\u00bb20px\u00a0\u00bb custom_css_blurb_title=\u00a0\u00bbmargin-top:15px;||font-family: %22eloquent-jf-pro%22, serif;\u00a0\u00bb global_colors_info=\u00a0\u00bb{}\u00a0\u00bb]<\/p>\n<p>Concert n\u00e9o-m\u00e9di\u00e9val &#8211; Rh\u00e9sus &#8211; Espace sc\u00e9nique<\/p>\n<p>[\/et_pb_blurb][et_pb_blurb title=\u00a0\u00bb19 h 30&Prime; image=\u00a0\u00bbhttps:\/\/ecouen.fr\/festival-connetable\/wp-content\/uploads\/2025\/04\/point_etape_evenement.png\u00a0\u00bb icon_placement=\u00a0\u00bbleft\u00a0\u00bb content_max_width=\u00a0\u00bb250px\u00a0\u00bb _builder_version=\u00a0\u00bb4.27.4&Prime; _module_preset=\u00a0\u00bbdefault\u00a0\u00bb header_level=\u00a0\u00bbh3&Prime; header_text_color=\u00a0\u00bb#ECBE1A\u00a0\u00bb body_text_color=\u00a0\u00bb#B92B3F\u00a0\u00bb body_font_size=\u00a0\u00bb20px\u00a0\u00bb custom_css_blurb_title=\u00a0\u00bbmargin-top:15px;||font-family: %22eloquent-jf-pro%22, serif;\u00a0\u00bb global_colors_info=\u00a0\u00bb{}\u00a0\u00bb]<\/p>\n<p>Mourants d&rsquo;Air- Th\u00e9\u00e2tre du laid cru &#8211; D\u00e9ambulations<\/p>\n<p>[\/et_pb_blurb][et_pb_blurb title=\u00a0\u00bb20 h 15&Prime; image=\u00a0\u00bbhttps:\/\/ecouen.fr\/festival-connetable\/wp-content\/uploads\/2025\/04\/point_etape_evenement.png\u00a0\u00bb icon_placement=\u00a0\u00bbleft\u00a0\u00bb content_max_width=\u00a0\u00bb250px\u00a0\u00bb _builder_version=\u00a0\u00bb4.27.4&Prime; _module_preset=\u00a0\u00bbdefault\u00a0\u00bb header_level=\u00a0\u00bbh3&Prime; header_text_color=\u00a0\u00bb#ECBE1A\u00a0\u00bb body_text_color=\u00a0\u00bb#B92B3F\u00a0\u00bb body_font_size=\u00a0\u00bb20px\u00a0\u00bb custom_css_blurb_title=\u00a0\u00bbmargin-top:15px;||font-family: %22eloquent-jf-pro%22, serif;\u00a0\u00bb global_colors_info=\u00a0\u00bb{}\u00a0\u00bb]<\/p>\n<p>Spectacle &#8211; Cie Les Aboyeur &#8211; D\u00e9ambulations<\/p>\n<p>[\/et_pb_blurb][et_pb_blurb title=\u00a0\u00bb21 h \u00a0\u00bb image=\u00a0\u00bbhttps:\/\/ecouen.fr\/festival-connetable\/wp-content\/uploads\/2025\/04\/point_etape_evenement.png\u00a0\u00bb icon_placement=\u00a0\u00bbleft\u00a0\u00bb content_max_width=\u00a0\u00bb250px\u00a0\u00bb _builder_version=\u00a0\u00bb4.27.4&Prime; _module_preset=\u00a0\u00bbdefault\u00a0\u00bb header_level=\u00a0\u00bbh3&Prime; header_text_color=\u00a0\u00bb#ECBE1A\u00a0\u00bb body_text_color=\u00a0\u00bb#B92B3F\u00a0\u00bb body_font_size=\u00a0\u00bb20px\u00a0\u00bb custom_css_blurb_title=\u00a0\u00bbmargin-top:15px;||font-family: %22eloquent-jf-pro%22, serif;\u00a0\u00bb global_colors_info=\u00a0\u00bb{}\u00a0\u00bb]<\/p>\n<p>D\u00e9part du d\u00e9fil\u00e9 vers l&rsquo;esplanade du Mail &#8211; RDV devant l&rsquo;espace sc\u00e9nique<\/p>\n<p>[\/et_pb_blurb][et_pb_blurb title=\u00a0\u00bb21 h 30&Prime; image=\u00a0\u00bbhttps:\/\/ecouen.fr\/festival-connetable\/wp-content\/uploads\/2025\/04\/point_etape_evenement.png\u00a0\u00bb icon_placement=\u00a0\u00bbleft\u00a0\u00bb content_max_width=\u00a0\u00bb250px\u00a0\u00bb _builder_version=\u00a0\u00bb4.27.4&Prime; _module_preset=\u00a0\u00bbdefault\u00a0\u00bb header_level=\u00a0\u00bbh3&Prime; header_text_color=\u00a0\u00bb#ECBE1A\u00a0\u00bb body_text_color=\u00a0\u00bb#B92B3F\u00a0\u00bb body_font_size=\u00a0\u00bb20px\u00a0\u00bb custom_css_blurb_title=\u00a0\u00bbmargin-top:15px;||font-family: %22eloquent-jf-pro%22, serif;\u00a0\u00bb global_colors_info=\u00a0\u00bb{}\u00a0\u00bb]<\/p>\n<p>Spectacle \u00e9questre &#8211; Alezia Show &#8211; Esplanade du Mail (all\u00e9e Maillol)<\/p>\n<p>[\/et_pb_blurb][\/et_pb_column][\/et_pb_row][\/et_pb_section][et_pb_section fb_built=\u00a0\u00bb1&Prime; _builder_version=\u00a0\u00bb4.27.4&Prime; _module_preset=\u00a0\u00bbdefault\u00a0\u00bb background_color=\u00a0\u00bb#3D1A1A\u00a0\u00bb global_colors_info=\u00a0\u00bb{}\u00a0\u00bb][et_pb_row _builder_version=\u00a0\u00bb4.27.4&Prime; _module_preset=\u00a0\u00bbdefault\u00a0\u00bb global_colors_info=\u00a0\u00bb{}\u00a0\u00bb][et_pb_column type=\u00a0\u00bb4_4&Prime; _builder_version=\u00a0\u00bb4.27.4&Prime; _module_preset=\u00a0\u00bbdefault\u00a0\u00bb global_colors_info=\u00a0\u00bb{}\u00a0\u00bb][et_pb_text module_class=\u00a0\u00bbconqueror\u00a0\u00bb _builder_version=\u00a0\u00bb4.27.4&Prime; _module_preset=\u00a0\u00bbdefault\u00a0\u00bb header_2_text_align=\u00a0\u00bbcenter\u00a0\u00bb header_2_text_color=\u00a0\u00bb#ECBE1A\u00a0\u00bb header_2_font_size=\u00a0\u00bb50px\u00a0\u00bb header_2_font_size_tablet=\u00a0\u00bb50px\u00a0\u00bb header_2_font_size_phone=\u00a0\u00bb35px\u00a0\u00bb header_2_font_size_last_edited=\u00a0\u00bbon|phone\u00a0\u00bb global_colors_info=\u00a0\u00bb{}\u00a0\u00bb]<\/p>\n<h2>Les compagnies &amp; les associations<\/h2>\n<p>[\/et_pb_text][et_pb_image src=\u00a0\u00bbhttps:\/\/ecouen.fr\/festival-connetable\/wp-content\/uploads\/2025\/03\/separateur_jaune-1.png\u00a0\u00bb title_text=\u00a0\u00bbseparateur_jaune\u00a0\u00bb align=\u00a0\u00bbcenter\u00a0\u00bb _builder_version=\u00a0\u00bb4.27.4&Prime; _module_preset=\u00a0\u00bbdefault\u00a0\u00bb width=\u00a0\u00bb9%\u00a0\u00bb custom_margin=\u00a0\u00bb-27px||||false|false\u00a0\u00bb global_colors_info=\u00a0\u00bb{}\u00a0\u00bb][\/et_pb_image][\/et_pb_column][\/et_pb_row][et_pb_row _builder_version=\u00a0\u00bb4.27.4&Prime; _module_preset=\u00a0\u00bbdefault\u00a0\u00bb global_colors_info=\u00a0\u00bb{}\u00a0\u00bb][et_pb_column type=\u00a0\u00bb4_4&Prime; _builder_version=\u00a0\u00bb4.27.4&Prime; _module_preset=\u00a0\u00bbdefault\u00a0\u00bb global_colors_info=\u00a0\u00bb{}\u00a0\u00bb][dsm_card_carousel equal_height=\u00a0\u00bbon\u00a0\u00bb use_arrow_custom_position=\u00a0\u00bbon\u00a0\u00bb arrow_custom_position=\u00a0\u00bb-30px\u00a0\u00bb arrow_size=\u00a0\u00bb55px\u00a0\u00bb arrow_color=\u00a0\u00bb#ECBE1A\u00a0\u00bb dots_horizontal_placement=\u00a0\u00bb-66px\u00a0\u00bb dots_active_color=\u00a0\u00bb#ECBE1A\u00a0\u00bb dots_inactive_color=\u00a0\u00bb#B92B3F\u00a0\u00bb _builder_version=\u00a0\u00bb4.27.4&Prime; _module_preset=\u00a0\u00bbdefault\u00a0\u00bb custom_margin=\u00a0\u00bb||61px||false|false\u00a0\u00bb global_colors_info=\u00a0\u00bb{}\u00a0\u00bb][dsm_card_carousel_child title=\u00a0\u00bbCompagnie Rh\u00e9sus\u00a0\u00bb subtitle=\u00a0\u00bbCentre-ville\u00a0\u00bb image=\u00a0\u00bbhttps:\/\/ecouen.fr\/festival-connetable\/wp-content\/uploads\/2025\/04\/Rhesus.jpg\u00a0\u00bb image_background_animation=\u00a0\u00bbzoom_in_n_rotate\u00a0\u00bb image_width=\u00a0\u00bb100%\u00a0\u00bb image_alignment=\u00a0\u00bbcenter\u00a0\u00bb badge_background_color=\u00a0\u00bb#ECBE1A\u00a0\u00bb button_url_new_window=\u00a0\u00bb1&Prime; _builder_version=\u00a0\u00bb4.27.4&Prime; _module_preset=\u00a0\u00bbdefault\u00a0\u00bb badge_text_color=\u00a0\u00bb#B92B3F\u00a0\u00bb header_level=\u00a0\u00bbh3&Prime; header_text_color=\u00a0\u00bb#3D1A1A\u00a0\u00bb body_text_color=\u00a0\u00bb#671E21&Prime; body_font_size=\u00a0\u00bb16px\u00a0\u00bb background_color=\u00a0\u00bb#FFFFFF\u00a0\u00bb background_enable_color=\u00a0\u00bbon\u00a0\u00bb custom_padding=\u00a0\u00bb20px|20px|20px|20px|false|false\u00a0\u00bb border_radii=\u00a0\u00bbon|30px|30px|30px|30px\u00a0\u00bb global_colors_info=\u00a0\u00bb{}\u00a0\u00bb parent_button=\u00a0\u00bboff\u00a0\u00bb parent_header_level=\u00a0\u00bbh4&Prime;]<\/p>\n<p>Musique n\u00e9o m\u00e9di\u00e9vale<\/p>\n<p><span style=\"color: #993300;\">Samedi \u00e0 14 h 10 &amp; 16 h 30<\/span><br \/><span style=\"color: #993300;\">Dimanche \u00e0 14 h 45, 17 h 45 &amp;\u00a0 19 h\u00a0<\/span><\/p>\n<p>[\/dsm_card_carousel_child][dsm_card_carousel_child title=\u00a0\u00bbCompagnie Cyclone\u00a0\u00bb subtitle=\u00a0\u00bbDomaine du ch\u00e2teau\u00a0\u00bb image=\u00a0\u00bbhttps:\/\/ecouen.fr\/festival-connetable\/wp-content\/uploads\/2025\/04\/Cie-cyclone.jpg\u00a0\u00bb image_background_animation=\u00a0\u00bbzoom_in_n_rotate\u00a0\u00bb image_width=\u00a0\u00bb100%\u00a0\u00bb image_alignment=\u00a0\u00bbcenter\u00a0\u00bb badge_background_color=\u00a0\u00bb#ECBE1A\u00a0\u00bb button_url_new_window=\u00a0\u00bb1&Prime; _builder_version=\u00a0\u00bb4.27.4&Prime; _module_preset=\u00a0\u00bbdefault\u00a0\u00bb badge_text_color=\u00a0\u00bb#B92B3F\u00a0\u00bb header_level=\u00a0\u00bbh3&Prime; header_text_color=\u00a0\u00bb#3D1A1A\u00a0\u00bb body_text_color=\u00a0\u00bb#671E21&Prime; body_font_size=\u00a0\u00bb16px\u00a0\u00bb background_color=\u00a0\u00bb#FFFFFF\u00a0\u00bb background_enable_color=\u00a0\u00bbon\u00a0\u00bb custom_padding=\u00a0\u00bb20px|20px|20px|20px|false|false\u00a0\u00bb border_radii=\u00a0\u00bbon|30px|30px|30px|30px\u00a0\u00bb global_colors_info=\u00a0\u00bb{}\u00a0\u00bb parent_button=\u00a0\u00bboff\u00a0\u00bb parent_header_level=\u00a0\u00bbh4&Prime;]<\/p>\n<p>Spectacle th\u00e9atrale combat<\/p>\n<p><span style=\"color: #993300;\">Le samedi \u00e0 14 h , 16 h 30, 17 h 30 , 18 h , 19 h 30 &amp; 20 h<\/span><\/p>\n<p>[\/dsm_card_carousel_child][dsm_card_carousel_child title=\u00a0\u00bbCompagnie les Aboyeurs\u00a0\u00bb subtitle=\u00a0\u00bbEspace sc\u00e9nique\u00a0\u00bb image=\u00a0\u00bbhttps:\/\/ecouen.fr\/festival-connetable\/wp-content\/uploads\/2025\/04\/Les-Aboyeurs-2.jpg\u00a0\u00bb image_background_animation=\u00a0\u00bbzoom_in_n_rotate\u00a0\u00bb image_width=\u00a0\u00bb100%\u00a0\u00bb image_alignment=\u00a0\u00bbcenter\u00a0\u00bb badge_background_color=\u00a0\u00bb#ECBE1A\u00a0\u00bb button_url_new_window=\u00a0\u00bb1&Prime; _builder_version=\u00a0\u00bb4.27.4&Prime; _module_preset=\u00a0\u00bbdefault\u00a0\u00bb badge_text_color=\u00a0\u00bb#B92B3F\u00a0\u00bb header_level=\u00a0\u00bbh3&Prime; header_text_color=\u00a0\u00bb#3D1A1A\u00a0\u00bb body_text_color=\u00a0\u00bb#671E21&Prime; body_font_size=\u00a0\u00bb16px\u00a0\u00bb background_color=\u00a0\u00bb#FFFFFF\u00a0\u00bb background_enable_color=\u00a0\u00bbon\u00a0\u00bb custom_padding=\u00a0\u00bb20px|20px|20px|20px|false|false\u00a0\u00bb border_radii=\u00a0\u00bbon|30px|30px|30px|30px\u00a0\u00bb global_colors_info=\u00a0\u00bb{}\u00a0\u00bb parent_button=\u00a0\u00bboff\u00a0\u00bb parent_header_level=\u00a0\u00bbh4&Prime;]<\/p>\n<p>Spectacle m\u00e9di\u00e9vale<\/p>\n<p><span style=\"color: #993300;\">Samedi \u00e0 15 h 30 &amp; 17 h 45\u00a0 \u00a0 \u00a0 \u00a0 \u00a0 \u00a0 \u00a0 \u00a0 <\/span><span style=\"color: #993300;\">Dimanche \u00e0 13 h 30 &amp; 16 h 45<\/span><\/p>\n<p>[\/dsm_card_carousel_child][dsm_card_carousel_child title=\u00a0\u00bbCompagnie Sept Bras\u00a0\u00bb subtitle=\u00a0\u00bbCampement\u00a0\u00bb image=\u00a0\u00bbhttps:\/\/ecouen.fr\/festival-connetable\/wp-content\/uploads\/2025\/04\/cie-Les-7-Bras-2.jpg\u00a0\u00bb image_background_animation=\u00a0\u00bbzoom_in_n_rotate\u00a0\u00bb image_width=\u00a0\u00bb100%\u00a0\u00bb image_alignment=\u00a0\u00bbcenter\u00a0\u00bb badge_background_color=\u00a0\u00bb#ECBE1A\u00a0\u00bb button_url_new_window=\u00a0\u00bb1&Prime; _builder_version=\u00a0\u00bb4.27.4&Prime; _module_preset=\u00a0\u00bbdefault\u00a0\u00bb badge_text_color=\u00a0\u00bb#B92B3F\u00a0\u00bb header_level=\u00a0\u00bbh3&Prime; header_text_color=\u00a0\u00bb#3D1A1A\u00a0\u00bb body_text_color=\u00a0\u00bb#671E21&Prime; body_font_size=\u00a0\u00bb16px\u00a0\u00bb background_color=\u00a0\u00bb#FFFFFF\u00a0\u00bb background_enable_color=\u00a0\u00bbon\u00a0\u00bb custom_padding=\u00a0\u00bb20px|20px|20px|20px|false|false\u00a0\u00bb border_radii=\u00a0\u00bbon|30px|30px|30px|30px\u00a0\u00bb global_colors_info=\u00a0\u00bb{}\u00a0\u00bb parent_button=\u00a0\u00bboff\u00a0\u00bb parent_header_level=\u00a0\u00bbh4&Prime;]<\/p>\n<p>Spectacle th\u00e9\u00e2trale combat<\/p>\n<p><span style=\"color: #993300;\">Samedi \u00e0 15 h <br \/><\/span><span style=\"color: #993300;\">Dimanche \u00e0 15 h 15 et 17 h 30<\/span><\/p>\n<p>[\/dsm_card_carousel_child][dsm_card_carousel_child title=\u00a0\u00bbLe Th\u00e9\u00e2tre du Laid Cru\u00a0\u00bb subtitle=\u00a0\u00bbCentre-ville\u00a0\u00bb image=\u00a0\u00bbhttps:\/\/ecouen.fr\/festival-connetable\/wp-content\/uploads\/2025\/04\/Theatre-du-Laid-Cru-\u00a9-Herri-Baron.jpg\u00a0\u00bb image_background_animation=\u00a0\u00bbzoom_in_n_rotate\u00a0\u00bb image_width=\u00a0\u00bb100%\u00a0\u00bb image_alignment=\u00a0\u00bbcenter\u00a0\u00bb badge_background_color=\u00a0\u00bb#ECBE1A\u00a0\u00bb button_url_new_window=\u00a0\u00bb1&Prime; _builder_version=\u00a0\u00bb4.27.4&Prime; _module_preset=\u00a0\u00bbdefault\u00a0\u00bb badge_text_color=\u00a0\u00bb#B92B3F\u00a0\u00bb header_level=\u00a0\u00bbh3&Prime; header_text_color=\u00a0\u00bb#3D1A1A\u00a0\u00bb body_text_color=\u00a0\u00bb#671E21&Prime; body_font_size=\u00a0\u00bb16px\u00a0\u00bb background_color=\u00a0\u00bb#FFFFFF\u00a0\u00bb background_enable_color=\u00a0\u00bbon\u00a0\u00bb custom_padding=\u00a0\u00bb20px|20px|20px|20px|false|false\u00a0\u00bb border_radii=\u00a0\u00bbon|30px|30px|30px|30px\u00a0\u00bb global_colors_info=\u00a0\u00bb{}\u00a0\u00bb parent_button=\u00a0\u00bboff\u00a0\u00bb parent_header_level=\u00a0\u00bbh4&Prime;]<\/p>\n<p>D\u00e9ambulation dans tout le festival.<\/p>\n<p><span style=\"color: #993300;\">Samedi 12 h 30, 14 h 10 &amp; 18 h 30 Dimanche 14 h 15 , 16 h 50 &amp; 20 h 30<\/span><\/p>\n<p>[\/dsm_card_carousel_child][dsm_card_carousel_child title=\u00a0\u00bbCompagnie Freevortex\u00a0\u00bb subtitle=\u00a0\u00bbCentre-ville\u00a0\u00bb image=\u00a0\u00bbhttps:\/\/ecouen.fr\/festival-connetable\/wp-content\/uploads\/2025\/04\/Cie-Free-Vortex.jpg\u00a0\u00bb image_background_animation=\u00a0\u00bbzoom_in_n_rotate\u00a0\u00bb image_width=\u00a0\u00bb100%\u00a0\u00bb image_alignment=\u00a0\u00bbcenter\u00a0\u00bb badge_background_color=\u00a0\u00bb#ECBE1A\u00a0\u00bb button_url_new_window=\u00a0\u00bb1&Prime; _builder_version=\u00a0\u00bb4.27.4&Prime; _module_preset=\u00a0\u00bbdefault\u00a0\u00bb badge_text_color=\u00a0\u00bb#B92B3F\u00a0\u00bb header_level=\u00a0\u00bbh3&Prime; header_text_color=\u00a0\u00bb#3D1A1A\u00a0\u00bb body_text_color=\u00a0\u00bb#671E21&Prime; body_font_size=\u00a0\u00bb16px\u00a0\u00bb background_color=\u00a0\u00bb#FFFFFF\u00a0\u00bb background_enable_color=\u00a0\u00bbon\u00a0\u00bb custom_padding=\u00a0\u00bb20px|20px|20px|20px|false|false\u00a0\u00bb border_radii=\u00a0\u00bbon|30px|30px|30px|30px\u00a0\u00bb global_colors_info=\u00a0\u00bb{}\u00a0\u00bb parent_button=\u00a0\u00bboff\u00a0\u00bb parent_header_level=\u00a0\u00bbh4&Prime;]<\/p>\n<p>D\u00e9ambulation dans tout le festival.<\/p>\n<p><span style=\"color: #993300;\">\u00a0Samedi \u00e0 14 h 40 , 17 h &amp;\u00a0 19 h 15\u00a0 \u00a0Dimanche \u00e0 12 h 30 , 16 h &amp;\u00a0 18 h 15<\/span><\/p>\n<p>[\/dsm_card_carousel_child][dsm_card_carousel_child title=\u00a0\u00bbCompagnie Traknart\u00a0\u00bb subtitle=\u00a0\u00bbCentre-ville\u00a0\u00bb image=\u00a0\u00bbhttps:\/\/ecouen.fr\/festival-connetable\/wp-content\/uploads\/2025\/04\/Cie-du-Traknart.jpg\u00a0\u00bb image_background_animation=\u00a0\u00bbzoom_in_n_rotate\u00a0\u00bb image_width=\u00a0\u00bb100%\u00a0\u00bb image_alignment=\u00a0\u00bbcenter\u00a0\u00bb badge_background_color=\u00a0\u00bb#ECBE1A\u00a0\u00bb button_url_new_window=\u00a0\u00bb1&Prime; _builder_version=\u00a0\u00bb4.27.4&Prime; _module_preset=\u00a0\u00bbdefault\u00a0\u00bb badge_text_color=\u00a0\u00bb#B92B3F\u00a0\u00bb header_level=\u00a0\u00bbh3&Prime; header_text_color=\u00a0\u00bb#3D1A1A\u00a0\u00bb body_text_color=\u00a0\u00bb#671E21&Prime; body_font_size=\u00a0\u00bb16px\u00a0\u00bb background_color=\u00a0\u00bb#FFFFFF\u00a0\u00bb background_enable_color=\u00a0\u00bbon\u00a0\u00bb custom_padding=\u00a0\u00bb20px|20px|20px|20px|false|false\u00a0\u00bb border_radii=\u00a0\u00bbon|30px|30px|30px|30px\u00a0\u00bb global_colors_info=\u00a0\u00bb{}\u00a0\u00bb parent_button=\u00a0\u00bboff\u00a0\u00bb parent_header_level=\u00a0\u00bbh4&Prime;]<\/p>\n<p>D\u00e9ambulation dans tout le festival.<\/p>\n<p><span style=\"color: #993300;\">Samedi et dimanche\u00a0<\/span><\/p>\n<p>[\/dsm_card_carousel_child][dsm_card_carousel_child title=\u00a0\u00bbPassion de Roy\u00a0\u00bb subtitle=\u00a0\u00bbParterre Ouest &#8211; Domaine du Ch\u00e2teau\u00a0\u00bb image=\u00a0\u00bbhttps:\/\/ecouen.fr\/festival-connetable\/wp-content\/uploads\/2025\/04\/Cie-Passion-du-Roy-@-Julien-Danielo.jpg\u00a0\u00bb image_background_animation=\u00a0\u00bbzoom_in_n_rotate\u00a0\u00bb image_width=\u00a0\u00bb100%\u00a0\u00bb image_alignment=\u00a0\u00bbcenter\u00a0\u00bb badge_background_color=\u00a0\u00bb#ECBE1A\u00a0\u00bb button_url_new_window=\u00a0\u00bb1&Prime; _builder_version=\u00a0\u00bb4.27.4&Prime; _module_preset=\u00a0\u00bbdefault\u00a0\u00bb badge_text_color=\u00a0\u00bb#B92B3F\u00a0\u00bb header_level=\u00a0\u00bbh3&Prime; header_text_color=\u00a0\u00bb#3D1A1A\u00a0\u00bb body_text_color=\u00a0\u00bb#671E21&Prime; body_font_size=\u00a0\u00bb16px\u00a0\u00bb background_color=\u00a0\u00bb#FFFFFF\u00a0\u00bb background_enable_color=\u00a0\u00bbon\u00a0\u00bb custom_padding=\u00a0\u00bb20px|20px|20px|20px|false|false\u00a0\u00bb border_radii=\u00a0\u00bbon|30px|30px|30px|30px\u00a0\u00bb global_colors_info=\u00a0\u00bb{}\u00a0\u00bb parent_button=\u00a0\u00bboff\u00a0\u00bb parent_header_level=\u00a0\u00bbh4&Prime;]<\/p>\n<p>Spectacle fauconnerie<\/p>\n<p><span style=\"color: #993300;\">Samedi \u00e0 15 h 30 &amp; 17 h\u00a0 \u00a0 \u00a0 \u00a0 \u00a0 \u00a0 \u00a0 \u00a0 \u00a0 \u00a0 \u00a0 \u00a0 \u00a0 \u00a0 \u00a0 \u00a0 Dimanche \u00e0 13 h 45 &amp; 17 h<\/span><\/p>\n<p>[\/dsm_card_carousel_child][dsm_card_carousel_child title=\u00a0\u00bbGueule de loup\u00a0\u00bb subtitle=\u00a0\u00bbVillage des familles\u00a0\u00bb image=\u00a0\u00bbhttps:\/\/ecouen.fr\/festival-connetable\/wp-content\/uploads\/2025\/04\/village-des-enfants-2.jpg\u00a0\u00bb image_background_animation=\u00a0\u00bbzoom_in_n_rotate\u00a0\u00bb image_width=\u00a0\u00bb100%\u00a0\u00bb image_alignment=\u00a0\u00bbcenter\u00a0\u00bb badge_background_color=\u00a0\u00bb#ECBE1A\u00a0\u00bb button_url_new_window=\u00a0\u00bb1&Prime; _builder_version=\u00a0\u00bb4.27.4&Prime; _module_preset=\u00a0\u00bbdefault\u00a0\u00bb badge_text_color=\u00a0\u00bb#B92B3F\u00a0\u00bb header_level=\u00a0\u00bbh3&Prime; header_text_color=\u00a0\u00bb#3D1A1A\u00a0\u00bb body_text_color=\u00a0\u00bb#671E21&Prime; body_font_size=\u00a0\u00bb16px\u00a0\u00bb background_color=\u00a0\u00bb#FFFFFF\u00a0\u00bb background_enable_color=\u00a0\u00bbon\u00a0\u00bb custom_padding=\u00a0\u00bb20px|20px|20px|20px|false|false\u00a0\u00bb border_radii=\u00a0\u00bbon|30px|30px|30px|30px\u00a0\u00bb global_colors_info=\u00a0\u00bb{}\u00a0\u00bb parent_button=\u00a0\u00bboff\u00a0\u00bb parent_header_level=\u00a0\u00bbh4&Prime;]<\/p>\n<p>Man\u00e8ge en fer forg\u00e9<\/p>\n<p><span style=\"color: #993300;\">Samedi de 14 h \u00e0 19 h<br \/>Dimanche de 11 h \u00e0 12 h 30 &amp;\u00a0 14 h \u00e0 19 h<\/span><\/p>\n<p>[\/dsm_card_carousel_child][dsm_card_carousel_child title=\u00a0\u00bbAlezia Show\u00a0\u00bb subtitle=\u00a0\u00bbEsplanade du Mail &#8211; All\u00e9e Maillol\u00a0\u00bb image=\u00a0\u00bbhttps:\/\/ecouen.fr\/festival-connetable\/wp-content\/uploads\/2025\/04\/Alezia-Show-2.jpg\u00a0\u00bb image_background_animation=\u00a0\u00bbzoom_in_n_rotate\u00a0\u00bb image_width=\u00a0\u00bb100%\u00a0\u00bb image_alignment=\u00a0\u00bbcenter\u00a0\u00bb badge_background_color=\u00a0\u00bb#ECBE1A\u00a0\u00bb button_url_new_window=\u00a0\u00bb1&Prime; _builder_version=\u00a0\u00bb4.27.4&Prime; _module_preset=\u00a0\u00bbdefault\u00a0\u00bb badge_text_color=\u00a0\u00bb#B92B3F\u00a0\u00bb header_level=\u00a0\u00bbh3&Prime; header_text_color=\u00a0\u00bb#3D1A1A\u00a0\u00bb body_text_color=\u00a0\u00bb#671E21&Prime; body_font_size=\u00a0\u00bb16px\u00a0\u00bb background_color=\u00a0\u00bb#FFFFFF\u00a0\u00bb background_enable_color=\u00a0\u00bbon\u00a0\u00bb custom_padding=\u00a0\u00bb20px|20px|20px|20px|false|false\u00a0\u00bb border_radii=\u00a0\u00bbon|30px|30px|30px|30px\u00a0\u00bb global_colors_info=\u00a0\u00bb{}\u00a0\u00bb parent_button=\u00a0\u00bboff\u00a0\u00bb parent_header_level=\u00a0\u00bbh4&Prime;]<\/p>\n<p>Spectacle <span>\u00c9questre\u00a0 \u00a0 \u00a0 \u00a0 \u00a0<\/span><\/p>\n<p><span style=\"color: #993300;\">Dimanche \u00e0 21 h 30<\/span><\/p>\n<p>[\/dsm_card_carousel_child][dsm_card_carousel_child title=\u00a0\u00bbFerme Dovahkiin\u00a0\u00bb subtitle=\u00a0\u00bbFerme du conn\u00e9table\u00a0\u00bb image=\u00a0\u00bbhttps:\/\/ecouen.fr\/festival-connetable\/wp-content\/uploads\/2025\/04\/ferme-Dovahkiin.jpg\u00a0\u00bb image_background_animation=\u00a0\u00bbzoom_in_n_rotate\u00a0\u00bb image_width=\u00a0\u00bb100%\u00a0\u00bb image_alignment=\u00a0\u00bbcenter\u00a0\u00bb badge_background_color=\u00a0\u00bb#ECBE1A\u00a0\u00bb button_url_new_window=\u00a0\u00bb1&Prime; _builder_version=\u00a0\u00bb4.27.4&Prime; _module_preset=\u00a0\u00bbdefault\u00a0\u00bb badge_text_color=\u00a0\u00bb#B92B3F\u00a0\u00bb header_level=\u00a0\u00bbh3&Prime; header_text_color=\u00a0\u00bb#3D1A1A\u00a0\u00bb body_text_color=\u00a0\u00bb#671E21&Prime; body_font_size=\u00a0\u00bb16px\u00a0\u00bb background_color=\u00a0\u00bb#FFFFFF\u00a0\u00bb background_enable_color=\u00a0\u00bbon\u00a0\u00bb custom_padding=\u00a0\u00bb20px|20px|20px|20px|false|false\u00a0\u00bb border_radii=\u00a0\u00bbon|30px|30px|30px|30px\u00a0\u00bb global_colors_info=\u00a0\u00bb{}\u00a0\u00bb parent_button=\u00a0\u00bboff\u00a0\u00bb parent_header_level=\u00a0\u00bbh4&Prime;]<\/p>\n<p>Feme du conn\u00e9table<\/p>\n<p><span style=\"color: #993300;\">Samedi de 14 h \u00e0 19 h<br \/>Dimanche 11 h \u00e0 12 h 30 &amp; 14 h \u00e0 19 h<\/span><\/p>\n<p>[\/dsm_card_carousel_child][dsm_card_carousel_child title=\u00a0\u00bbLes Archers\u00a0\u00bb subtitle=\u00a0\u00bbDouves\u00a0\u00bb image=\u00a0\u00bbhttps:\/\/ecouen.fr\/festival-connetable\/wp-content\/uploads\/2025\/04\/Archers.jpg\u00a0\u00bb image_background_animation=\u00a0\u00bbzoom_in_n_rotate\u00a0\u00bb image_width=\u00a0\u00bb100%\u00a0\u00bb image_alignment=\u00a0\u00bbcenter\u00a0\u00bb badge_background_color=\u00a0\u00bb#ECBE1A\u00a0\u00bb button_url_new_window=\u00a0\u00bb1&Prime; _builder_version=\u00a0\u00bb4.27.4&Prime; _module_preset=\u00a0\u00bbdefault\u00a0\u00bb badge_text_color=\u00a0\u00bb#B92B3F\u00a0\u00bb header_level=\u00a0\u00bbh3&Prime; header_text_color=\u00a0\u00bb#3D1A1A\u00a0\u00bb body_text_color=\u00a0\u00bb#671E21&Prime; body_font_size=\u00a0\u00bb16px\u00a0\u00bb background_color=\u00a0\u00bb#FFFFFF\u00a0\u00bb background_enable_color=\u00a0\u00bbon\u00a0\u00bb custom_padding=\u00a0\u00bb20px|20px|20px|20px|false|false\u00a0\u00bb border_radii=\u00a0\u00bbon|30px|30px|30px|30px\u00a0\u00bb global_colors_info=\u00a0\u00bb{}\u00a0\u00bb parent_button=\u00a0\u00bboff\u00a0\u00bb parent_header_level=\u00a0\u00bbh4&Prime;]<\/p>\n<p>Initiation d&rsquo;archerie.<\/p>\n<p><span style=\"color: #993300;\">Samedi &amp; dimanche de 14 h \u00e0 18 h<\/span><\/p>\n<p>[\/dsm_card_carousel_child][dsm_card_carousel_child title=\u00a0\u00bbTh\u00e9atre de la Vall\u00e9e\u00a0\u00bb subtitle=\u00a0\u00bbGrange\u00a0\u00bb image=\u00a0\u00bbhttps:\/\/ecouen.fr\/festival-connetable\/wp-content\/uploads\/2025\/04\/Photo-Jean-1.jpg\u00a0\u00bb image_background_animation=\u00a0\u00bbzoom_in_n_rotate\u00a0\u00bb image_width=\u00a0\u00bb100%\u00a0\u00bb image_alignment=\u00a0\u00bbcenter\u00a0\u00bb badge_background_color=\u00a0\u00bb#ECBE1A\u00a0\u00bb button_url_new_window=\u00a0\u00bb1&Prime; _builder_version=\u00a0\u00bb4.27.4&Prime; _module_preset=\u00a0\u00bbdefault\u00a0\u00bb badge_text_color=\u00a0\u00bb#B92B3F\u00a0\u00bb header_level=\u00a0\u00bbh3&Prime; header_text_color=\u00a0\u00bb#3D1A1A\u00a0\u00bb body_text_color=\u00a0\u00bb#671E21&Prime; body_font_size=\u00a0\u00bb16px\u00a0\u00bb background_color=\u00a0\u00bb#FFFFFF\u00a0\u00bb background_enable_color=\u00a0\u00bbon\u00a0\u00bb custom_padding=\u00a0\u00bb20px|20px|20px|20px|false|false\u00a0\u00bb border_radii=\u00a0\u00bbon|30px|30px|30px|30px\u00a0\u00bb global_colors_info=\u00a0\u00bb{}\u00a0\u00bb parent_button=\u00a0\u00bboff\u00a0\u00bb parent_header_level=\u00a0\u00bbh4&Prime;]<\/p>\n<p><span style=\"color: #993300;\">Th\u00e9\u00e2tre \u00ab\u00a0Jean de la Lune\u00a0\u00bb\u00a0 \u00a0 \u00a0 \u00a0 \u00a0 \u00a0 \u00a0 \u00a0 \u00a0 \u00a0 Samedi \u00e0 14 h 15<\/span><\/p>\n<p><span style=\"color: #993300;\">Spectacle \u00a0\u00bb La derni\u00e8re passion du Vert Galant\u00a0\u00bb\u00a0 \u00a0 \u00a0 \u00a0 \u00a0 \u00a0 \u00a0 \u00a0 \u00a0 \u00a0 \u00a0 \u00a0 \u00a0 \u00a0 \u00a0 \u00a0 \u00a0 \u00a0 \u00a0 \u00a0 \u00a0 \u00a0 \u00a0 \u00a0 \u00a0 \u00a0 <br \/>Samedi &amp; dimanche \u00e0 18 h<\/span><\/p>\n<p>[\/dsm_card_carousel_child][dsm_card_carousel_child title=\u00a0\u00bbEscale\u00a0\u00bb subtitle=\u00a0\u00bbEspace sc\u00e9nique Manoir\u00a0\u00bb image=\u00a0\u00bbhttps:\/\/ecouen.fr\/festival-connetable\/wp-content\/uploads\/2025\/04\/Festival22-336.jpg\u00a0\u00bb image_background_animation=\u00a0\u00bbzoom_in_n_rotate\u00a0\u00bb image_width=\u00a0\u00bb100%\u00a0\u00bb image_alignment=\u00a0\u00bbcenter\u00a0\u00bb badge_background_color=\u00a0\u00bb#ECBE1A\u00a0\u00bb button_url_new_window=\u00a0\u00bb1&Prime; _builder_version=\u00a0\u00bb4.27.4&Prime; _module_preset=\u00a0\u00bbdefault\u00a0\u00bb badge_text_color=\u00a0\u00bb#B92B3F\u00a0\u00bb header_level=\u00a0\u00bbh3&Prime; header_text_color=\u00a0\u00bb#3D1A1A\u00a0\u00bb body_text_color=\u00a0\u00bb#671E21&Prime; body_font_size=\u00a0\u00bb16px\u00a0\u00bb background_color=\u00a0\u00bb#FFFFFF\u00a0\u00bb background_enable_color=\u00a0\u00bbon\u00a0\u00bb custom_padding=\u00a0\u00bb20px|20px|20px|20px|false|false\u00a0\u00bb border_radii=\u00a0\u00bbon|30px|30px|30px|30px\u00a0\u00bb global_colors_info=\u00a0\u00bb{}\u00a0\u00bb parent_button=\u00a0\u00bboff\u00a0\u00bb parent_header_level=\u00a0\u00bbh4&Prime;]<\/p>\n<p><span style=\"color: #993300;\"><span style=\"color: #800000;\">Danse traditionelle\u00a0 <\/span>\u00a0 \u00a0 \u00a0 \u00a0 \u00a0 \u00a0 \u00a0 \u00a0 \u00a0 \u00a0 \u00a0 \u00a0 \u00a0 \u00a0 \u00a0 \u00a0 \u00a0 <\/span><span style=\"color: #993300;\">Samedi \u00e0 17 h 45<\/span><\/p>\n<p><span style=\"color: #993300;\">Porte ouverte de l&rsquo;atelier vitrail au Manoir<\/span><\/p>\n<p><span style=\"color: #993300;\">Buvette<br \/>Dimanche en continu<\/span><\/p>\n<p>[\/dsm_card_carousel_child][dsm_card_carousel_child title=\u00a0\u00bbPlaine de vie\u00a0\u00bb subtitle=\u00a0\u00bbJardin du Manoir\u00a0\u00bb image=\u00a0\u00bbhttps:\/\/ecouen.fr\/festival-connetable\/wp-content\/uploads\/2025\/04\/Animations-Nature.jpg\u00a0\u00bb image_background_animation=\u00a0\u00bbzoom_in_n_rotate\u00a0\u00bb image_width=\u00a0\u00bb100%\u00a0\u00bb image_alignment=\u00a0\u00bbcenter\u00a0\u00bb badge_background_color=\u00a0\u00bb#ECBE1A\u00a0\u00bb button_url_new_window=\u00a0\u00bb1&Prime; _builder_version=\u00a0\u00bb4.27.4&Prime; _module_preset=\u00a0\u00bbdefault\u00a0\u00bb badge_text_color=\u00a0\u00bb#B92B3F\u00a0\u00bb header_level=\u00a0\u00bbh3&Prime; header_text_color=\u00a0\u00bb#3D1A1A\u00a0\u00bb body_text_color=\u00a0\u00bb#671E21&Prime; body_font_size=\u00a0\u00bb16px\u00a0\u00bb background_color=\u00a0\u00bb#FFFFFF\u00a0\u00bb background_enable_color=\u00a0\u00bbon\u00a0\u00bb custom_padding=\u00a0\u00bb20px|20px|20px|20px|false|false\u00a0\u00bb border_radii=\u00a0\u00bbon|30px|30px|30px|30px\u00a0\u00bb global_colors_info=\u00a0\u00bb{}\u00a0\u00bb parent_button=\u00a0\u00bboff\u00a0\u00bb parent_header_level=\u00a0\u00bbh4&Prime;]<\/p>\n<p><span style=\"color: #993300;\"><span style=\"color: #800000;\">Atelier horticole <\/span>\u00a0 \u00a0 \u00a0 \u00a0 \u00a0 \u00a0 \u00a0 \u00a0 \u00a0 \u00a0 \u00a0 \u00a0 \u00a0 \u00a0 \u00a0 \u00a0 \u00a0 \u00a0 Samedi &amp; D<\/span><span style=\"color: #993300;\">imanche de 14 h \u00e0 18 h<\/span><\/p>\n<p>[\/dsm_card_carousel_child][dsm_card_carousel_child title=\u00a0\u00bbL&rsquo;atelier Lut\u00e8ce\u00a0\u00bb subtitle=\u00a0\u00bbJardin du Manoir\u00a0\u00bb image=\u00a0\u00bbhttps:\/\/ecouen.fr\/festival-connetable\/wp-content\/uploads\/2025\/04\/fleurscomestibles-scaled-1.jpg\u00a0\u00bb image_background_animation=\u00a0\u00bbzoom_in_n_rotate\u00a0\u00bb image_width=\u00a0\u00bb100%\u00a0\u00bb image_alignment=\u00a0\u00bbcenter\u00a0\u00bb badge_text=\u00a0\u00bbNouveaut\u00e9 !\u00a0\u00bb badge_background_color=\u00a0\u00bb#ECBE1A\u00a0\u00bb button_url_new_window=\u00a0\u00bb1&Prime; _builder_version=\u00a0\u00bb4.27.4&Prime; _module_preset=\u00a0\u00bbdefault\u00a0\u00bb badge_text_color=\u00a0\u00bb#B92B3F\u00a0\u00bb header_level=\u00a0\u00bbh3&Prime; header_text_color=\u00a0\u00bb#3D1A1A\u00a0\u00bb body_text_color=\u00a0\u00bb#671E21&Prime; body_font_size=\u00a0\u00bb16px\u00a0\u00bb background_color=\u00a0\u00bb#FFFFFF\u00a0\u00bb background_enable_color=\u00a0\u00bbon\u00a0\u00bb custom_padding=\u00a0\u00bb20px|20px|20px|20px|false|false\u00a0\u00bb border_radii=\u00a0\u00bbon|30px|30px|30px|30px\u00a0\u00bb global_colors_info=\u00a0\u00bb{}\u00a0\u00bb parent_button=\u00a0\u00bboff\u00a0\u00bb parent_header_level=\u00a0\u00bbh4&Prime;]<\/p>\n<p><span style=\"color: #993300;\"><span style=\"color: #800000;\">Atelier horticole <\/span>\u00a0 \u00a0 \u00a0 \u00a0 \u00a0 \u00a0 \u00a0 \u00a0 \u00a0 \u00a0 \u00a0 \u00a0 \u00a0 \u00a0 \u00a0 \u00a0 \u00a0 \u00a0 <\/span><span style=\"color: #993300;\">Samedi &amp; dimanche de 14 h \u00e0 18 h<\/span><\/p>\n<p>[\/dsm_card_carousel_child][dsm_card_carousel_child title=\u00a0\u00bbSacr\u00e9es Plantes\u00a0\u00bb subtitle=\u00a0\u00bbJardin du Manoir\u00a0\u00bb image=\u00a0\u00bbhttps:\/\/ecouen.fr\/festival-connetable\/wp-content\/uploads\/2025\/04\/cfecb5f0-73e3-4b7f-9f96-3f8776980919.webp\u00a0\u00bb image_background_animation=\u00a0\u00bbzoom_in_n_rotate\u00a0\u00bb image_width=\u00a0\u00bb100%\u00a0\u00bb image_alignment=\u00a0\u00bbcenter\u00a0\u00bb badge_text=\u00a0\u00bbNouveaut\u00e9 !\u00a0\u00bb badge_background_color=\u00a0\u00bb#ECBE1A\u00a0\u00bb button_url_new_window=\u00a0\u00bb1&Prime; _builder_version=\u00a0\u00bb4.27.4&Prime; _module_preset=\u00a0\u00bbdefault\u00a0\u00bb badge_text_color=\u00a0\u00bb#B92B3F\u00a0\u00bb header_level=\u00a0\u00bbh3&Prime; header_text_color=\u00a0\u00bb#3D1A1A\u00a0\u00bb body_text_color=\u00a0\u00bb#671E21&Prime; body_font_size=\u00a0\u00bb16px\u00a0\u00bb background_color=\u00a0\u00bb#FFFFFF\u00a0\u00bb background_enable_color=\u00a0\u00bbon\u00a0\u00bb custom_padding=\u00a0\u00bb20px|20px|20px|20px|false|false\u00a0\u00bb border_radii=\u00a0\u00bbon|30px|30px|30px|30px\u00a0\u00bb global_colors_info=\u00a0\u00bb{}\u00a0\u00bb parent_button=\u00a0\u00bboff\u00a0\u00bb parent_header_level=\u00a0\u00bbh4&Prime;]<\/p>\n<p><span style=\"color: #993300;\"><span style=\"color: #800000;\">Atelier horticole <\/span>\u00a0 \u00a0 \u00a0 \u00a0 \u00a0 \u00a0 \u00a0 \u00a0 \u00a0 \u00a0 \u00a0 \u00a0 \u00a0 \u00a0 \u00a0 \u00a0 \u00a0 \u00a0 D<\/span><span style=\"color: #993300;\">imanche de 14 h \u00e0 18 h<\/span><\/p>\n<p>[\/dsm_card_carousel_child][dsm_card_carousel_child title=\u00a0\u00bbMus\u00e9e national de la Renaissance\u00a0\u00bb subtitle=\u00a0\u00bbCh\u00e2teau d&rsquo;Ecouen\u00a0\u00bb image=\u00a0\u00bbhttps:\/\/ecouen.fr\/festival-connetable\/wp-content\/uploads\/2025\/03\/Capture-decran-2025-03-25-095900-1-e1745329878292.png\u00a0\u00bb image_background_animation=\u00a0\u00bbzoom_in_n_rotate\u00a0\u00bb image_width=\u00a0\u00bb100%\u00a0\u00bb image_alignment=\u00a0\u00bbcenter\u00a0\u00bb badge_background_color=\u00a0\u00bb#ECBE1A\u00a0\u00bb button_url_new_window=\u00a0\u00bb1&Prime; _builder_version=\u00a0\u00bb4.27.4&Prime; _module_preset=\u00a0\u00bbdefault\u00a0\u00bb badge_text_color=\u00a0\u00bb#B92B3F\u00a0\u00bb header_level=\u00a0\u00bbh3&Prime; header_text_color=\u00a0\u00bb#3D1A1A\u00a0\u00bb body_text_color=\u00a0\u00bb#671E21&Prime; body_font_size=\u00a0\u00bb16px\u00a0\u00bb background_color=\u00a0\u00bb#FFFFFF\u00a0\u00bb background_enable_color=\u00a0\u00bbon\u00a0\u00bb custom_padding=\u00a0\u00bb20px|20px|20px|20px|false|false\u00a0\u00bb border_radii=\u00a0\u00bbon|30px|30px|30px|30px\u00a0\u00bb global_colors_info=\u00a0\u00bb{}\u00a0\u00bb parent_button=\u00a0\u00bboff\u00a0\u00bb parent_header_level=\u00a0\u00bbh4&Prime;]<\/p>\n<p><span style=\"color: #993300;\"><span style=\"color: #800000;\">Visites guid\u00e9es<\/span><\/span><span style=\"color: #993300;\">\u00a0 \u00a0 \u00a0 \u00a0 \u00a0 \u00a0 \u00a0 \u00a0 \u00a0 \u00a0 \u00a0 \u00a0 \u00a0 \u00a0 \u00a0 \u00a0 \u00a0 \u00a0 \u00a0 \u00a0 Samedi et dimanche<\/span><\/p>\n<p>[\/dsm_card_carousel_child][dsm_card_carousel_child title=\u00a0\u00bbLa Pie Parlotte\u00a0\u00bb subtitle=\u00a0\u00bbCentre &#8211; ville\u00a0\u00bb image=\u00a0\u00bbhttps:\/\/ecouen.fr\/festival-connetable\/wp-content\/uploads\/2025\/04\/cropped-SecretdeTortuga-Cormeilles-9.jpg\u00a0\u00bb image_background_animation=\u00a0\u00bbzoom_in_n_rotate\u00a0\u00bb image_width=\u00a0\u00bb100%\u00a0\u00bb image_alignment=\u00a0\u00bbcenter\u00a0\u00bb badge_background_color=\u00a0\u00bb#ECBE1A\u00a0\u00bb button_url_new_window=\u00a0\u00bb1&Prime; _builder_version=\u00a0\u00bb4.27.4&Prime; _module_preset=\u00a0\u00bbdefault\u00a0\u00bb badge_text_color=\u00a0\u00bb#B92B3F\u00a0\u00bb header_level=\u00a0\u00bbh3&Prime; header_text_color=\u00a0\u00bb#3D1A1A\u00a0\u00bb body_text_color=\u00a0\u00bb#671E21&Prime; body_font_size=\u00a0\u00bb16px\u00a0\u00bb background_color=\u00a0\u00bb#FFFFFF\u00a0\u00bb background_enable_color=\u00a0\u00bbon\u00a0\u00bb custom_padding=\u00a0\u00bb20px|20px|20px|20px|false|false\u00a0\u00bb border_radii=\u00a0\u00bbon|30px|30px|30px|30px\u00a0\u00bb global_colors_info=\u00a0\u00bb{}\u00a0\u00bb parent_button=\u00a0\u00bboff\u00a0\u00bb parent_header_level=\u00a0\u00bbh4&Prime;]<\/p>\n<p><span style=\"color: #800000;\"><span style=\"color: #800000;\">D\u00e9ambulation dans tout le festival<\/span><\/span><\/p>\n<p><span style=\"color: #993300;\">Samedi \u00e0 16 h 15 &amp; dimanche \u00e0 11 h 30<\/span><\/p>\n<p>[\/dsm_card_carousel_child][dsm_card_carousel_child title=\u00a0\u00bbLa ferme des Elfes libres\u00a0\u00bb subtitle=\u00a0\u00bbPoney Club\u00a0\u00bb image=\u00a0\u00bbhttps:\/\/ecouen.fr\/festival-connetable\/wp-content\/uploads\/2025\/04\/0d37fb16-edf6-4a33-8183-692aaa978221.jpg\u00a0\u00bb image_background_animation=\u00a0\u00bbzoom_in_n_rotate\u00a0\u00bb image_width=\u00a0\u00bb100%\u00a0\u00bb image_alignment=\u00a0\u00bbcenter\u00a0\u00bb badge_text=\u00a0\u00bbNouveaut\u00e9 !\u00a0\u00bb badge_background_color=\u00a0\u00bb#ECBE1A\u00a0\u00bb button_url_new_window=\u00a0\u00bb1&Prime; _builder_version=\u00a0\u00bb4.27.4&Prime; _module_preset=\u00a0\u00bbdefault\u00a0\u00bb badge_text_color=\u00a0\u00bb#B92B3F\u00a0\u00bb header_level=\u00a0\u00bbh3&Prime; header_text_color=\u00a0\u00bb#3D1A1A\u00a0\u00bb body_text_color=\u00a0\u00bb#671E21&Prime; body_font_size=\u00a0\u00bb16px\u00a0\u00bb background_color=\u00a0\u00bb#FFFFFF\u00a0\u00bb background_enable_color=\u00a0\u00bbon\u00a0\u00bb custom_padding=\u00a0\u00bb20px|20px|20px|20px|false|false\u00a0\u00bb border_radii=\u00a0\u00bbon|30px|30px|30px|30px\u00a0\u00bb global_colors_info=\u00a0\u00bb{}\u00a0\u00bb parent_button=\u00a0\u00bboff\u00a0\u00bb parent_header_level=\u00a0\u00bbh4&Prime;]<\/p>\n<p><span style=\"color: #800000;\"><span style=\"color: #800000;\">Balade en poney<\/span><\/span><\/p>\n<p><span style=\"color: #993300;\">Samedi de 14 h \u00e0 19h\u00a0<br \/>Dimanche de 11 h \u00e0 12 h 30 &amp; 14 h \u00e0 19 h<\/span><\/p>\n<p>[\/dsm_card_carousel_child][dsm_card_carousel_child title=\u00a0\u00bbL\u00e9onardo &#038; Cie\u00a0\u00bb subtitle=\u00a0\u00bbTerrasse Nord\u00a0\u00bb image=\u00a0\u00bbhttps:\/\/ecouen.fr\/festival-connetable\/wp-content\/uploads\/2025\/04\/481902758_1148913577028572_7084037241091303209_n.jpg\u00a0\u00bb image_background_animation=\u00a0\u00bbzoom_in_n_rotate\u00a0\u00bb image_width=\u00a0\u00bb100%\u00a0\u00bb image_alignment=\u00a0\u00bbcenter\u00a0\u00bb badge_background_color=\u00a0\u00bb#ECBE1A\u00a0\u00bb button_url_new_window=\u00a0\u00bb1&Prime; _builder_version=\u00a0\u00bb4.27.4&Prime; _module_preset=\u00a0\u00bbdefault\u00a0\u00bb badge_text_color=\u00a0\u00bb#B92B3F\u00a0\u00bb header_level=\u00a0\u00bbh3&Prime; header_text_color=\u00a0\u00bb#3D1A1A\u00a0\u00bb body_text_color=\u00a0\u00bb#671E21&Prime; body_font_size=\u00a0\u00bb16px\u00a0\u00bb background_color=\u00a0\u00bb#FFFFFF\u00a0\u00bb background_enable_color=\u00a0\u00bbon\u00a0\u00bb custom_padding=\u00a0\u00bb20px|20px|20px|20px|false|false\u00a0\u00bb border_radii=\u00a0\u00bbon|30px|30px|30px|30px\u00a0\u00bb global_colors_info=\u00a0\u00bb{}\u00a0\u00bb parent_button=\u00a0\u00bboff\u00a0\u00bb parent_header_level=\u00a0\u00bbh4&Prime;]<\/p>\n<p><span style=\"color: #800000;\">Sayn\u00e8te<\/span><\/p>\n<p><span style=\"color: #993300;\">Samedi \u00e0 15h &amp; \u00e0 17 h 30\u00a0 \u00a0 \u00a0 \u00a0 \u00a0 \u00a0 \u00a0 \u00a0 \u00a0 \u00a0 \u00a0 \u00a0 \u00a0 \u00a0 \u00a0 Dimanche \u00e0 16 h 45 &amp; \u00e0 18 h 15<\/span><\/p>\n<p>[\/dsm_card_carousel_child][dsm_card_carousel_child title=\u00a0\u00bbTh\u00e9ophile et L\u00e9on Hingre\u00a0\u00bb subtitle=\u00a0\u00bbJardin du Manoir\u00a0\u00bb image=\u00a0\u00bbhttps:\/\/ecouen.fr\/festival-connetable\/wp-content\/uploads\/2025\/04\/stand-crepe-theophile-et-leon-hingre.jpg\u00a0\u00bb image_background_animation=\u00a0\u00bbzoom_in_n_rotate\u00a0\u00bb image_width=\u00a0\u00bb100%\u00a0\u00bb image_alignment=\u00a0\u00bbcenter\u00a0\u00bb badge_background_color=\u00a0\u00bb#ECBE1A\u00a0\u00bb button_url_new_window=\u00a0\u00bb1&Prime; _builder_version=\u00a0\u00bb4.27.4&Prime; _module_preset=\u00a0\u00bbdefault\u00a0\u00bb badge_text_color=\u00a0\u00bb#B92B3F\u00a0\u00bb header_level=\u00a0\u00bbh3&Prime; header_text_color=\u00a0\u00bb#3D1A1A\u00a0\u00bb body_text_color=\u00a0\u00bb#671E21&Prime; body_font_size=\u00a0\u00bb16px\u00a0\u00bb background_color=\u00a0\u00bb#FFFFFF\u00a0\u00bb background_enable_color=\u00a0\u00bbon\u00a0\u00bb custom_padding=\u00a0\u00bb20px|20px|20px|20px|false|false\u00a0\u00bb border_radii=\u00a0\u00bbon|30px|30px|30px|30px\u00a0\u00bb global_colors_info=\u00a0\u00bb{}\u00a0\u00bb parent_button=\u00a0\u00bboff\u00a0\u00bb parent_header_level=\u00a0\u00bbh4&Prime;]<\/p>\n<p><span style=\"color: #800000;\">Vente de cr\u00eapes sucr\u00e9es<\/span><\/p>\n<p><span style=\"color: #993300;\">Samedi et dimanche de 14 h \u00e0 19 h<\/span><\/p>\n<p>[\/dsm_card_carousel_child][dsm_card_carousel_child title=\u00a0\u00bbSoci\u00e9t\u00e9 historique\u00a0\u00bb subtitle=\u00a0\u00bbJardin du Manoir &#038; Manoir\u00a0\u00bb image=\u00a0\u00bbhttps:\/\/ecouen.fr\/festival-connetable\/wp-content\/uploads\/2025\/04\/D-Artagnan-societe-historique.jpg\u00a0\u00bb image_background_animation=\u00a0\u00bbzoom_in_n_rotate\u00a0\u00bb image_width=\u00a0\u00bb100%\u00a0\u00bb image_alignment=\u00a0\u00bbcenter\u00a0\u00bb badge_background_color=\u00a0\u00bb#ECBE1A\u00a0\u00bb button_url_new_window=\u00a0\u00bb1&Prime; _builder_version=\u00a0\u00bb4.27.4&Prime; _module_preset=\u00a0\u00bbdefault\u00a0\u00bb badge_text_color=\u00a0\u00bb#B92B3F\u00a0\u00bb header_level=\u00a0\u00bbh3&Prime; header_text_color=\u00a0\u00bb#3D1A1A\u00a0\u00bb body_text_color=\u00a0\u00bb#671E21&Prime; body_font_size=\u00a0\u00bb16px\u00a0\u00bb background_color=\u00a0\u00bb#FFFFFF\u00a0\u00bb background_enable_color=\u00a0\u00bbon\u00a0\u00bb custom_padding=\u00a0\u00bb20px|20px|20px|20px|false|false\u00a0\u00bb border_radii=\u00a0\u00bbon|30px|30px|30px|30px\u00a0\u00bb global_colors_info=\u00a0\u00bb{}\u00a0\u00bb parent_button=\u00a0\u00bboff\u00a0\u00bb parent_header_level=\u00a0\u00bbh4&Prime;]<\/p>\n<p>La taverne des Mousquetaires &amp; expositions<\/p>\n<p><span style=\"color: #993300;\">Samedi et dimanche de 10 h \u00e0 19 h<\/span><\/p>\n<p>[\/dsm_card_carousel_child][dsm_card_carousel_child title=\u00a0\u00bbArt &lsquo; couen\u00a0\u00bb subtitle=\u00a0\u00bbJardin du Manoir\u00a0\u00bb image=\u00a0\u00bbhttps:\/\/ecouen.fr\/festival-connetable\/wp-content\/uploads\/2025\/04\/Atelier-peinture-artcouen.jpg\u00a0\u00bb image_background_animation=\u00a0\u00bbzoom_in_n_rotate\u00a0\u00bb image_width=\u00a0\u00bb100%\u00a0\u00bb image_alignment=\u00a0\u00bbcenter\u00a0\u00bb badge_background_color=\u00a0\u00bb#ECBE1A\u00a0\u00bb button_url_new_window=\u00a0\u00bb1&Prime; _builder_version=\u00a0\u00bb4.27.4&Prime; _module_preset=\u00a0\u00bbdefault\u00a0\u00bb badge_text_color=\u00a0\u00bb#B92B3F\u00a0\u00bb header_level=\u00a0\u00bbh3&Prime; header_text_color=\u00a0\u00bb#3D1A1A\u00a0\u00bb body_text_color=\u00a0\u00bb#671E21&Prime; body_font_size=\u00a0\u00bb16px\u00a0\u00bb background_color=\u00a0\u00bb#FFFFFF\u00a0\u00bb background_enable_color=\u00a0\u00bbon\u00a0\u00bb custom_padding=\u00a0\u00bb20px|20px|20px|20px|false|false\u00a0\u00bb border_radii=\u00a0\u00bbon|30px|30px|30px|30px\u00a0\u00bb global_colors_info=\u00a0\u00bb{}\u00a0\u00bb parent_button=\u00a0\u00bboff\u00a0\u00bb parent_header_level=\u00a0\u00bbh4&Prime;]<\/p>\n<p><span style=\"color: #800000;\">Atelier peinture<\/span><\/p>\n<p><span style=\"color: #993300;\">Samedi &amp; dimanche de 14 h \u00e0 18 h<\/span><\/p>\n<p>[\/dsm_card_carousel_child][dsm_card_carousel_child title=\u00a0\u00bbA qui le tour ? \u00a0\u00bb subtitle=\u00a0\u00bbEspace sc\u00e9nique &#038; Espace restauration \u00a0\u00bb image=\u00a0\u00bbhttps:\/\/ecouen.fr\/festival-connetable\/wp-content\/uploads\/2025\/04\/HH-cPearo-Photography-23.jpg\u00a0\u00bb image_background_animation=\u00a0\u00bbzoom_in_n_rotate\u00a0\u00bb image_width=\u00a0\u00bb100%\u00a0\u00bb image_alignment=\u00a0\u00bbcenter\u00a0\u00bb badge_background_color=\u00a0\u00bb#ECBE1A\u00a0\u00bb button_url_new_window=\u00a0\u00bb1&Prime; _builder_version=\u00a0\u00bb4.27.4&Prime; _module_preset=\u00a0\u00bbdefault\u00a0\u00bb badge_text_color=\u00a0\u00bb#B92B3F\u00a0\u00bb header_level=\u00a0\u00bbh3&Prime; header_text_color=\u00a0\u00bb#3D1A1A\u00a0\u00bb body_text_color=\u00a0\u00bb#671E21&Prime; body_font_size=\u00a0\u00bb16px\u00a0\u00bb background_color=\u00a0\u00bb#FFFFFF\u00a0\u00bb background_enable_color=\u00a0\u00bbon\u00a0\u00bb custom_padding=\u00a0\u00bb20px|20px|20px|20px|false|false\u00a0\u00bb border_radii=\u00a0\u00bbon|30px|30px|30px|30px\u00a0\u00bb global_colors_info=\u00a0\u00bb{}\u00a0\u00bb parent_button=\u00a0\u00bboff\u00a0\u00bb parent_header_level=\u00a0\u00bbh4&Prime;]<\/p>\n<p><span style=\"color: #800000;\">Spectacle \u00ab\u00a0L&rsquo;art du Duel\u00a0\u00bb<br \/><\/span><span style=\"color: #993300;\">Samedi 21 h<\/span><\/p>\n<p>Buvette<br \/>Samedi en continu<\/p>\n<p><span style=\"color: #993300;\"><\/span><\/p>\n<p>[\/dsm_card_carousel_child][\/dsm_card_carousel][et_pb_image src=\u00a0\u00bbhttps:\/\/ecouen.fr\/festival-connetable\/wp-content\/uploads\/2025\/04\/separateur_des_compagnies.png\u00a0\u00bb title_text=\u00a0\u00bbseparateur_des_compagnies\u00a0\u00bb _builder_version=\u00a0\u00bb4.27.4&Prime; _module_preset=\u00a0\u00bbdefault\u00a0\u00bb custom_margin=\u00a0\u00bb-8px||||false|false\u00a0\u00bb global_colors_info=\u00a0\u00bb{}\u00a0\u00bb][\/et_pb_image][\/et_pb_column][\/et_pb_row][\/et_pb_section]<\/p>\n","protected":false},"excerpt":{"rendered":"<p>PROGRAMMATIONLe planSAMEDIDimancheSAMEDIMourants d&rsquo;Aire &#8211; Th\u00e9\u00e2tre du laid cru &#8211;\u00a0 D\u00e9ambulationD\u00e9fil\u00e9 du Centre-ville vers le Ch\u00e2teauConcert n\u00e9o-m\u00e9di\u00e9val &#8211; Rh\u00e9sus- Espace sc\u00e9niqueSpectacle \u00ab\u00a0Escrime, du Moyen-\u00e2ge \u00e0 D\u2019Artagnan\u00a0\u00bb &#8211; Cie Cyclone &#8211; Domaine\u00a0Jean de la Lune &#8211; Th\u00e9\u00e2tre de la Vall\u00e9e &#8211; Grange\u00a0\u00c9chassiers du Marquis &#8211; Cie Free Vortex &#8211; d\u00e9ambulationMourants d&rsquo;Air &#8211; Th\u00e9\u00e2tre du laid cru &#8211;\u00a0 D\u00e9ambulationSpectacle \u00ab\u00a0L&rsquo;h\u00e9ritage de Castelmore\u00a0\u00bb &#8211; Cie Les 7 bras &#8211; CampementSayn\u00e8te \u00ab\u00a0Henri IV assiste \u00e0 un bal\u00a0\u00bb &#8211; Leonardo &amp; cie &#8211; DomaineSpectacle &#8211; Cie Les Aboyeur &#8211; Espace sc\u00e9niqueSpectacle de fauconnerie &#8211; Cie Passion du Roy &#8211; DomaineSpectacle \u00ab\u00a0Chasse &amp; P\u00e9ch\u00e9s\u00a0\u00bb &#8211; Cie La Pie Parlote &#8211; D\u00e9ambulationConcert n\u00e9o-m\u00e9di\u00e9val &#8211; Rh\u00e9sus &#8211; CampementD\u00e9monstration d&rsquo;escrime &#8211; Cie Cyclone &#8211; Domaine\u00c9chassiers du Marquis &#8211; Cie Free Vortex &#8211; D\u00e9ambulationSpectacle de fauconnerie &#8211; Cie Passion du Roy &#8211; DomaineD\u00e9monstration de mousquet &#8211; Cie Cyclone &#8211; DomaineSayn\u00e8te \u00ab\u00a0Henri 1er de Montmorency dicte ses m\u00e9moires\u00a0\u00bb &#8211; Leonardo &amp; cie &#8211;\u00a0 DomaineDanse traditionnelle &#8211; Escale &#8211; Espace sc\u00e9niqueSpectacle &#8211; Cie Les Aboyeur &#8211; CampementSpectacle \u00ab\u00a0La derni\u00e8re passion du Vert Galant\u00a0\u00bb &#8211; Th\u00e9\u00e2tre de la Vall\u00e9e &#8211; GrangeSpectacle \u00ab\u00a0Escrime, du Moyen-\u00e2ge \u00e0 D\u2019Artagnan\u00a0\u00bb &#8211; Cie Cyclone &#8211; DomaineMourants d&rsquo;Aire &#8211; Th\u00e9\u00e2tre du laid cru &#8211; D\u00e9ambulation\u00c9chassiers du Marquis &#8211; Cie Free [&hellip;]<\/p>\n","protected":false},"author":1,"featured_media":0,"parent":0,"menu_order":0,"comment_status":"closed","ping_status":"closed","template":"","meta":{"_et_pb_use_builder":"on","_et_pb_old_content":"<!-- wp:divi\/placeholder \/-->","_et_gb_content_width":"","footnotes":""},"class_list":["post-100","page","type-page","status-publish","hentry"],"rankMath":{"parentDomain":"ecouen.fr","noFollowDomains":[],"noFollowExcludeDomains":[],"noFollowExternalLinks":false,"featuredImageNotice":"L\u2019image en vedette devrait \u00eatre au moins 200 par 200 pixels pour \u00eatre utilis\u00e9 par Facebook et d\u2019autres sites de m\u00e9dias sociaux.","pluginReviewed":false,"postSettings":{"linkSuggestions":true,"useFocusKeyword":false},"frontEndScore":false,"postName":"programmation","permalinkFormat":"https:\/\/ecouen.fr\/festival-connetable\/%pagename%\/","showLockModifiedDate":true,"assessor":{"focusKeywordLink":"https:\/\/ecouen.fr\/festival-connetable\/wp-admin\/edit.php?focus_keyword=%focus_keyword%&post_type=%post_type%","hasTOCPlugin":false,"primaryTaxonomy":false,"serpData":{"title":"","description":"","focusKeywords":"","pillarContent":false,"canonicalUrl":"","breadcrumbTitle":"","advancedRobots":[],"facebookTitle":"","facebookDescription":"","facebookImage":"","facebookImageID":"","facebookHasOverlay":false,"facebookImageOverlay":"","facebookAuthor":"","twitterCardType":"","twitterUseFacebook":true,"twitterTitle":"","twitterDescription":"","twitterImage":"","twitterImageID":"","twitterHasOverlay":false,"twitterImageOverlay":"","twitterPlayerUrl":"","twitterPlayerSize":"","twitterPlayerStream":"","twitterPlayerStreamCtype":"","twitterAppDescription":"","twitterAppIphoneName":"","twitterAppIphoneID":"","twitterAppIphoneUrl":"","twitterAppIpadName":"","twitterAppIpadID":"","twitterAppIpadUrl":"","twitterAppGoogleplayName":"","twitterAppGoogleplayID":"","twitterAppGoogleplayUrl":"","twitterAppCountry":"","robots":{"index":true},"twitterAuthor":"identifiant","primaryTerm":0,"authorName":"voc","titleTemplate":"%title% %sep% %sitename%","descriptionTemplate":"%excerpt%","showScoreFrontend":true,"lockModifiedDate":false},"powerWords":["absolument","amazement","astonishing","authentique","beau","bien-\u00eatre","brillant","captivant","charismatique","choc","clair","compl\u00e8tement","confidentiel","confiance","cons\u00e9quent","cr\u00e9atif","d\u00e9finitivement","d\u00e9licieux","d\u00e9montrer","d\u00e9p\u00eachez-vous","d\u00e9termin\u00e9","digne","dynamique","\u00e9blouissant","\u00e9clatant","\u00e9conomique","\u00e9fficace","\u00e9l\u00e9gant","\u00e9motionnel","\u00e9nergique","\u00e9norme","\u00e9poustouflant","essentiel","\u00e9tonnant","exclusif","exp\u00e9rience","fabuleux","fantastique","formidable","fort","garanti","g\u00e9ant","g\u00e9n\u00e9reux","grandiose","gratuit","habile","harmonieux","historique","hors pair","important","incroyable","indispensable","inoubliable","inspirant","innovant","intense","invention","irr\u00e9sistible","l\u00e9gendaire","lumineux","luxe","magique","magnifique","majestueux","marquant","merveilleux","miraculeux","motivant","n\u00e9cessaire","nouvelle","officiel","parfait","passionn\u00e9","persuasif","ph\u00e9nom\u00e9nal","plaisir","populaire","pouvoir","prestigieux","prodigieux","profond","prosp\u00e8re","puissant","qualit\u00e9","radieux","rapide","r\u00e9ussi","r\u00e9volutionnaire","satisfait","s\u00e9curit\u00e9","sensationnel","serein","somptueux","splendide","sublime","surprenant","talentueux","terrifiant","unique","valeur","vibrant","victorieux","vif","vraiment","z\u00e9l\u00e9"],"diacritics":{"A":"[\\u0041\\u24B6\\uFF21\\u00C0\\u00C1\\u00C2\\u1EA6\\u1EA4\\u1EAA\\u1EA8\\u00C3\\u0100\\u0102\\u1EB0\\u1EAE\\u1EB4\\u1EB2\\u0226\\u01E0\\u00C4\\u01DE\\u1EA2\\u00C5\\u01FA\\u01CD\\u0200\\u0202\\u1EA0\\u1EAC\\u1EB6\\u1E00\\u0104\\u023A\\u2C6F]","AA":"[\\uA732]","AE":"[\\u00C6\\u01FC\\u01E2]","AO":"[\\uA734]","AU":"[\\uA736]","AV":"[\\uA738\\uA73A]","AY":"[\\uA73C]","B":"[\\u0042\\u24B7\\uFF22\\u1E02\\u1E04\\u1E06\\u0243\\u0182\\u0181]","C":"[\\u0043\\u24B8\\uFF23\\u0106\\u0108\\u010A\\u010C\\u00C7\\u1E08\\u0187\\u023B\\uA73E]","D":"[\\u0044\\u24B9\\uFF24\\u1E0A\\u010E\\u1E0C\\u1E10\\u1E12\\u1E0E\\u0110\\u018B\\u018A\\u0189\\uA779]","DZ":"[\\u01F1\\u01C4]","Dz":"[\\u01F2\\u01C5]","E":"[\\u0045\\u24BA\\uFF25\\u00C8\\u00C9\\u00CA\\u1EC0\\u1EBE\\u1EC4\\u1EC2\\u1EBC\\u0112\\u1E14\\u1E16\\u0114\\u0116\\u00CB\\u1EBA\\u011A\\u0204\\u0206\\u1EB8\\u1EC6\\u0228\\u1E1C\\u0118\\u1E18\\u1E1A\\u0190\\u018E]","F":"[\\u0046\\u24BB\\uFF26\\u1E1E\\u0191\\uA77B]","G":"[\\u0047\\u24BC\\uFF27\\u01F4\\u011C\\u1E20\\u011E\\u0120\\u01E6\\u0122\\u01E4\\u0193\\uA7A0\\uA77D\\uA77E]","H":"[\\u0048\\u24BD\\uFF28\\u0124\\u1E22\\u1E26\\u021E\\u1E24\\u1E28\\u1E2A\\u0126\\u2C67\\u2C75\\uA78D]","I":"[\\u0049\\u24BE\\uFF29\\u00CC\\u00CD\\u00CE\\u0128\\u012A\\u012C\\u0130\\u00CF\\u1E2E\\u1EC8\\u01CF\\u0208\\u020A\\u1ECA\\u012E\\u1E2C\\u0197]","J":"[\\u004A\\u24BF\\uFF2A\\u0134\\u0248]","K":"[\\u004B\\u24C0\\uFF2B\\u1E30\\u01E8\\u1E32\\u0136\\u1E34\\u0198\\u2C69\\uA740\\uA742\\uA744\\uA7A2]","L":"[\\u004C\\u24C1\\uFF2C\\u013F\\u0139\\u013D\\u1E36\\u1E38\\u013B\\u1E3C\\u1E3A\\u0141\\u023D\\u2C62\\u2C60\\uA748\\uA746\\uA780]","LJ":"[\\u01C7]","Lj":"[\\u01C8]","M":"[\\u004D\\u24C2\\uFF2D\\u1E3E\\u1E40\\u1E42\\u2C6E\\u019C]","N":"[\\u004E\\u24C3\\uFF2E\\u01F8\\u0143\\u00D1\\u1E44\\u0147\\u1E46\\u0145\\u1E4A\\u1E48\\u0220\\u019D\\uA790\\uA7A4]","NJ":"[\\u01CA]","Nj":"[\\u01CB]","O":"[\\u004F\\u24C4\\uFF2F\\u00D2\\u00D3\\u00D4\\u1ED2\\u1ED0\\u1ED6\\u1ED4\\u00D5\\u1E4C\\u022C\\u1E4E\\u014C\\u1E50\\u1E52\\u014E\\u022E\\u0230\\u00D6\\u022A\\u1ECE\\u0150\\u01D1\\u020C\\u020E\\u01A0\\u1EDC\\u1EDA\\u1EE0\\u1EDE\\u1EE2\\u1ECC\\u1ED8\\u01EA\\u01EC\\u00D8\\u01FE\\u0186\\u019F\\uA74A\\uA74C]","OI":"[\\u01A2]","OO":"[\\uA74E]","OU":"[\\u0222]","P":"[\\u0050\\u24C5\\uFF30\\u1E54\\u1E56\\u01A4\\u2C63\\uA750\\uA752\\uA754]","Q":"[\\u0051\\u24C6\\uFF31\\uA756\\uA758\\u024A]","R":"[\\u0052\\u24C7\\uFF32\\u0154\\u1E58\\u0158\\u0210\\u0212\\u1E5A\\u1E5C\\u0156\\u1E5E\\u024C\\u2C64\\uA75A\\uA7A6\\uA782]","S":"[\\u0053\\u24C8\\uFF33\\u1E9E\\u015A\\u1E64\\u015C\\u1E60\\u0160\\u1E66\\u1E62\\u1E68\\u0218\\u015E\\u2C7E\\uA7A8\\uA784]","T":"[\\u0054\\u24C9\\uFF34\\u1E6A\\u0164\\u1E6C\\u021A\\u0162\\u1E70\\u1E6E\\u0166\\u01AC\\u01AE\\u023E\\uA786]","TZ":"[\\uA728]","U":"[\\u0055\\u24CA\\uFF35\\u00D9\\u00DA\\u00DB\\u0168\\u1E78\\u016A\\u1E7A\\u016C\\u00DC\\u01DB\\u01D7\\u01D5\\u01D9\\u1EE6\\u016E\\u0170\\u01D3\\u0214\\u0216\\u01AF\\u1EEA\\u1EE8\\u1EEE\\u1EEC\\u1EF0\\u1EE4\\u1E72\\u0172\\u1E76\\u1E74\\u0244]","V":"[\\u0056\\u24CB\\uFF36\\u1E7C\\u1E7E\\u01B2\\uA75E\\u0245]","VY":"[\\uA760]","W":"[\\u0057\\u24CC\\uFF37\\u1E80\\u1E82\\u0174\\u1E86\\u1E84\\u1E88\\u2C72]","X":"[\\u0058\\u24CD\\uFF38\\u1E8A\\u1E8C]","Y":"[\\u0059\\u24CE\\uFF39\\u1EF2\\u00DD\\u0176\\u1EF8\\u0232\\u1E8E\\u0178\\u1EF6\\u1EF4\\u01B3\\u024E\\u1EFE]","Z":"[\\u005A\\u24CF\\uFF3A\\u0179\\u1E90\\u017B\\u017D\\u1E92\\u1E94\\u01B5\\u0224\\u2C7F\\u2C6B\\uA762]","a":"[\\u0061\\u24D0\\uFF41\\u1E9A\\u00E0\\u00E1\\u00E2\\u1EA7\\u1EA5\\u1EAB\\u1EA9\\u00E3\\u0101\\u0103\\u1EB1\\u1EAF\\u1EB5\\u1EB3\\u0227\\u01E1\\u00E4\\u01DF\\u1EA3\\u00E5\\u01FB\\u01CE\\u0201\\u0203\\u1EA1\\u1EAD\\u1EB7\\u1E01\\u0105\\u2C65\\u0250]","aa":"[\\uA733]","ae":"[\\u00E6\\u01FD\\u01E3]","ao":"[\\uA735]","au":"[\\uA737]","av":"[\\uA739\\uA73B]","ay":"[\\uA73D]","b":"[\\u0062\\u24D1\\uFF42\\u1E03\\u1E05\\u1E07\\u0180\\u0183\\u0253]","c":"[\\u0063\\u24D2\\uFF43\\u0107\\u0109\\u010B\\u010D\\u00E7\\u1E09\\u0188\\u023C\\uA73F\\u2184]","d":"[\\u0064\\u24D3\\uFF44\\u1E0B\\u010F\\u1E0D\\u1E11\\u1E13\\u1E0F\\u0111\\u018C\\u0256\\u0257\\uA77A]","dz":"[\\u01F3\\u01C6]","e":"[\\u0065\\u24D4\\uFF45\\u00E8\\u00E9\\u00EA\\u1EC1\\u1EBF\\u1EC5\\u1EC3\\u1EBD\\u0113\\u1E15\\u1E17\\u0115\\u0117\\u00EB\\u1EBB\\u011B\\u0205\\u0207\\u1EB9\\u1EC7\\u0229\\u1E1D\\u0119\\u1E19\\u1E1B\\u0247\\u025B\\u01DD]","f":"[\\u0066\\u24D5\\uFF46\\u1E1F\\u0192\\uA77C]","g":"[\\u0067\\u24D6\\uFF47\\u01F5\\u011D\\u1E21\\u011F\\u0121\\u01E7\\u0123\\u01E5\\u0260\\uA7A1\\u1D79\\uA77F]","h":"[\\u0068\\u24D7\\uFF48\\u0125\\u1E23\\u1E27\\u021F\\u1E25\\u1E29\\u1E2B\\u1E96\\u0127\\u2C68\\u2C76\\u0265]","hv":"[\\u0195]","i":"[\\u0069\\u24D8\\uFF49\\u00EC\\u00ED\\u00EE\\u0129\\u012B\\u012D\\u00EF\\u1E2F\\u1EC9\\u01D0\\u0209\\u020B\\u1ECB\\u012F\\u1E2D\\u0268\\u0131]","j":"[\\u006A\\u24D9\\uFF4A\\u0135\\u01F0\\u0249]","k":"[\\u006B\\u24DA\\uFF4B\\u1E31\\u01E9\\u1E33\\u0137\\u1E35\\u0199\\u2C6A\\uA741\\uA743\\uA745\\uA7A3]","l":"[\\u006C\\u24DB\\uFF4C\\u0140\\u013A\\u013E\\u1E37\\u1E39\\u013C\\u1E3D\\u1E3B\\u017F\\u0142\\u019A\\u026B\\u2C61\\uA749\\uA781\\uA747]","lj":"[\\u01C9]","m":"[\\u006D\\u24DC\\uFF4D\\u1E3F\\u1E41\\u1E43\\u0271\\u026F]","n":"[\\u006E\\u24DD\\uFF4E\\u01F9\\u0144\\u00F1\\u1E45\\u0148\\u1E47\\u0146\\u1E4B\\u1E49\\u019E\\u0272\\u0149\\uA791\\uA7A5]","nj":"[\\u01CC]","o":"[\\u006F\\u24DE\\uFF4F\\u00F2\\u00F3\\u00F4\\u1ED3\\u1ED1\\u1ED7\\u1ED5\\u00F5\\u1E4D\\u022D\\u1E4F\\u014D\\u1E51\\u1E53\\u014F\\u022F\\u0231\\u00F6\\u022B\\u1ECF\\u0151\\u01D2\\u020D\\u020F\\u01A1\\u1EDD\\u1EDB\\u1EE1\\u1EDF\\u1EE3\\u1ECD\\u1ED9\\u01EB\\u01ED\\u00F8\\u01FF\\u0254\\uA74B\\uA74D\\u0275]","oi":"[\\u01A3]","ou":"[\\u0223]","oo":"[\\uA74F]","p":"[\\u0070\\u24DF\\uFF50\\u1E55\\u1E57\\u01A5\\u1D7D\\uA751\\uA753\\uA755]","q":"[\\u0071\\u24E0\\uFF51\\u024B\\uA757\\uA759]","r":"[\\u0072\\u24E1\\uFF52\\u0155\\u1E59\\u0159\\u0211\\u0213\\u1E5B\\u1E5D\\u0157\\u1E5F\\u024D\\u027D\\uA75B\\uA7A7\\uA783]","s":"[\\u0073\\u24E2\\uFF53\\u015B\\u1E65\\u015D\\u1E61\\u0161\\u1E67\\u1E63\\u1E69\\u0219\\u015F\\u023F\\uA7A9\\uA785\\u1E9B]","ss":"[\\u00DF]","t":"[\\u0074\\u24E3\\uFF54\\u1E6B\\u1E97\\u0165\\u1E6D\\u021B\\u0163\\u1E71\\u1E6F\\u0167\\u01AD\\u0288\\u2C66\\uA787]","tz":"[\\uA729]","u":"[\\u0075\\u24E4\\uFF55\\u00F9\\u00FA\\u00FB\\u0169\\u1E79\\u016B\\u1E7B\\u016D\\u00FC\\u01DC\\u01D8\\u01D6\\u01DA\\u1EE7\\u016F\\u0171\\u01D4\\u0215\\u0217\\u01B0\\u1EEB\\u1EE9\\u1EEF\\u1EED\\u1EF1\\u1EE5\\u1E73\\u0173\\u1E77\\u1E75\\u0289]","v":"[\\u0076\\u24E5\\uFF56\\u1E7D\\u1E7F\\u028B\\uA75F\\u028C]","vy":"[\\uA761]","w":"[\\u0077\\u24E6\\uFF57\\u1E81\\u1E83\\u0175\\u1E87\\u1E85\\u1E98\\u1E89\\u2C73]","x":"[\\u0078\\u24E7\\uFF58\\u1E8B\\u1E8D]","y":"[\\u0079\\u24E8\\uFF59\\u1EF3\\u00FD\\u0177\\u1EF9\\u0233\\u1E8F\\u00FF\\u1EF7\\u1E99\\u1EF5\\u01B4\\u024F\\u1EFF]","z":"[\\u007A\\u24E9\\uFF5A\\u017A\\u1E91\\u017C\\u017E\\u1E93\\u1E95\\u01B6\\u0225\\u0240\\u2C6C\\uA763]"},"researchesTests":["contentHasTOC","contentHasShortParagraphs","contentHasAssets","keywordInTitle","keywordInMetaDescription","keywordInPermalink","keywordIn10Percent","keywordInContent","keywordInSubheadings","keywordInImageAlt","keywordDensity","keywordNotUsed","lengthContent","lengthPermalink","linksHasInternal","linksHasExternals","linksNotAllExternals","titleStartWithKeyword","titleSentiment","titleHasPowerWords","titleHasNumber","hasContentAI"],"hasRedirection":false,"hasBreadcrumb":false},"homeUrl":"https:\/\/ecouen.fr\/festival-connetable","objectID":100,"objectType":"post","locale":"fr","localeFull":"fr_FR","overlayImages":{"play":{"name":"Ic\u00f4ne de lecture","url":"https:\/\/ecouen.fr\/festival-connetable\/wp-content\/plugins\/seo-by-rank-math\/assets\/admin\/img\/icon-play.png","path":"\/home\/fopi4522\/ecouen\/festival-connetable\/wp-content\/plugins\/seo-by-rank-math\/assets\/admin\/img\/icon-play.png","position":"middle_center"},"gif":{"name":"Ic\u00f4ne GIF","url":"https:\/\/ecouen.fr\/festival-connetable\/wp-content\/plugins\/seo-by-rank-math\/assets\/admin\/img\/icon-gif.png","path":"\/home\/fopi4522\/ecouen\/festival-connetable\/wp-content\/plugins\/seo-by-rank-math\/assets\/admin\/img\/icon-gif.png","position":"middle_center"}},"defautOgImage":"https:\/\/ecouen.fr\/festival-connetable\/wp-content\/plugins\/seo-by-rank-math\/assets\/admin\/img\/social-placeholder.jpg","customPermalinks":true,"isUserRegistered":false,"autoSuggestKeywords":false,"connectSiteUrl":"https:\/\/rankmath.com\/auth?site=https%3A%2F%2Fecouen.fr%2Ffestival-connetable&r=https%3A%2F%2Fecouen.fr%2Ffestival-connetable%2Fwp-json%2Fwp%2Fv2%2Fpages%2F100%3Fnonce%3D70a39685ac","maxTags":5,"trendsIcon":"<svg viewBox=\"0 0 610 610\"><path d=\"M18.85,446,174.32,290.48l58.08,58.08L76.93,504a14.54,14.54,0,0,1-20.55,0L18.83,466.48a14.54,14.54,0,0,1,0-20.55Z\" style=\"fill:#4285f4\"\/><path d=\"M242.65,242.66,377.59,377.6l-47.75,47.75a14.54,14.54,0,0,1-20.55,0L174.37,290.43l47.75-47.75A14.52,14.52,0,0,1,242.65,242.66Z\" style=\"fill:#ea4335\"\/><polygon points=\"319.53 319.53 479.26 159.8 537.34 217.88 377.61 377.62 319.53 319.53\" style=\"fill:#fabb05\"\/><path d=\"M594.26,262.73V118.61h0a16.94,16.94,0,0,0-16.94-16.94H433.2a16.94,16.94,0,0,0-12,28.92L565.34,274.71h0a16.94,16.94,0,0,0,28.92-12Z\" style=\"fill:#34a853\"\/><rect width=\"610\" height=\"610\" style=\"fill:none\"\/><\/svg>","showScore":true,"siteFavIcon":"https:\/\/ecouen.fr\/festival-connetable\/wp-content\/uploads\/2025\/04\/cropped-fav-ecouen-32x32.png","canUser":{"general":false,"advanced":false,"snippet":false,"social":false,"analysis":false,"analytics":false,"content_ai":false},"showKeywordIntent":true,"isPro":false,"is_front_page":false,"trendsUpgradeLink":"https:\/\/rankmath.com\/pricing\/?utm_source=Plugin&utm_medium=CE%20General%20Tab%20Trends&utm_campaign=WP","trendsUpgradeLabel":"Mettre \u00e0 niveau","trendsPreviewImage":"https:\/\/ecouen.fr\/festival-connetable\/wp-content\/plugins\/seo-by-rank-math\/assets\/admin\/img\/trends-preview.jpg","currentEditor":false,"homepageData":{"assessor":{"powerWords":["absolument","amazement","astonishing","authentique","beau","bien-\u00eatre","brillant","captivant","charismatique","choc","clair","compl\u00e8tement","confidentiel","confiance","cons\u00e9quent","cr\u00e9atif","d\u00e9finitivement","d\u00e9licieux","d\u00e9montrer","d\u00e9p\u00eachez-vous","d\u00e9termin\u00e9","digne","dynamique","\u00e9blouissant","\u00e9clatant","\u00e9conomique","\u00e9fficace","\u00e9l\u00e9gant","\u00e9motionnel","\u00e9nergique","\u00e9norme","\u00e9poustouflant","essentiel","\u00e9tonnant","exclusif","exp\u00e9rience","fabuleux","fantastique","formidable","fort","garanti","g\u00e9ant","g\u00e9n\u00e9reux","grandiose","gratuit","habile","harmonieux","historique","hors pair","important","incroyable","indispensable","inoubliable","inspirant","innovant","intense","invention","irr\u00e9sistible","l\u00e9gendaire","lumineux","luxe","magique","magnifique","majestueux","marquant","merveilleux","miraculeux","motivant","n\u00e9cessaire","nouvelle","officiel","parfait","passionn\u00e9","persuasif","ph\u00e9nom\u00e9nal","plaisir","populaire","pouvoir","prestigieux","prodigieux","profond","prosp\u00e8re","puissant","qualit\u00e9","radieux","rapide","r\u00e9ussi","r\u00e9volutionnaire","satisfait","s\u00e9curit\u00e9","sensationnel","serein","somptueux","splendide","sublime","surprenant","talentueux","terrifiant","unique","valeur","vibrant","victorieux","vif","vraiment","z\u00e9l\u00e9"],"diacritics":true,"researchesTests":["contentHasTOC","contentHasShortParagraphs","contentHasAssets","keywordInTitle","keywordInMetaDescription","keywordInPermalink","keywordIn10Percent","keywordInContent","keywordInSubheadings","keywordInImageAlt","keywordDensity","keywordNotUsed","lengthContent","lengthPermalink","linksHasInternal","linksHasExternals","linksNotAllExternals","titleStartWithKeyword","titleSentiment","titleHasPowerWords","titleHasNumber","hasContentAI"],"hasBreadcrumb":false,"serpData":{"title":"%sitename% %page% %sep% %sitedesc%","description":"","titleTemplate":"%sitename% %page% %sep% %sitedesc%","descriptionTemplate":"","focusKeywords":"","breadcrumbTitle":"Home","robots":{"index":true},"advancedRobots":[],"facebookTitle":"","facebookDescription":"","facebookImage":"","facebookImageID":""}}},"tocTitle":"Table of Contents","tocExcludeHeadings":[],"listStyle":"ul"},"_links":{"self":[{"href":"https:\/\/ecouen.fr\/festival-connetable\/wp-json\/wp\/v2\/pages\/100","targetHints":{"allow":["GET"]}}],"collection":[{"href":"https:\/\/ecouen.fr\/festival-connetable\/wp-json\/wp\/v2\/pages"}],"about":[{"href":"https:\/\/ecouen.fr\/festival-connetable\/wp-json\/wp\/v2\/types\/page"}],"author":[{"embeddable":true,"href":"https:\/\/ecouen.fr\/festival-connetable\/wp-json\/wp\/v2\/users\/1"}],"replies":[{"embeddable":true,"href":"https:\/\/ecouen.fr\/festival-connetable\/wp-json\/wp\/v2\/comments?post=100"}],"version-history":[{"count":99,"href":"https:\/\/ecouen.fr\/festival-connetable\/wp-json\/wp\/v2\/pages\/100\/revisions"}],"predecessor-version":[{"id":548,"href":"https:\/\/ecouen.fr\/festival-connetable\/wp-json\/wp\/v2\/pages\/100\/revisions\/548"}],"wp:attachment":[{"href":"https:\/\/ecouen.fr\/festival-connetable\/wp-json\/wp\/v2\/media?parent=100"}],"curies":[{"name":"wp","href":"https:\/\/api.w.org\/{rel}","templated":true}]}}